{"id":10517,"date":"2023-05-31T12:13:52","date_gmt":"2023-05-31T10:13:52","guid":{"rendered":"https:\/\/domicilium.de\/zen-spiritualitaet-bildung\/?page_id=10517"},"modified":"2026-02-18T13:29:32","modified_gmt":"2026-02-18T12:29:32","slug":"meditation-achtsamkeit","status":"publish","type":"page","link":"https:\/\/domicilium.de\/zen-spiritualitaet-bildung\/kurse\/meditation-achtsamkeit\/","title":{"rendered":"Meditation &amp; Achtsamkeit"},"content":{"rendered":"\t\t<div data-elementor-type=\"wp-page\" data-elementor-id=\"10517\" class=\"elementor elementor-10517\" data-elementor-post-type=\"page\">\n\t\t\t\t\t\t<section class=\"elementor-section elementor-top-section elementor-element elementor-element-003e494 elementor-section-boxed elementor-section-height-default elementor-section-height-default elementor-invisible\" data-id=\"003e494\" data-element_type=\"section\" data-settings=\"{&quot;animation&quot;:&quot;fadeIn&quot;}\">\n\t\t\t\t\t\t\t<div class=\"elementor-background-overlay\"><\/div>\n\t\t\t\t\t\t\t<div class=\"elementor-container elementor-column-gap-wider\">\n\t\t\t\t\t<div class=\"elementor-column elementor-col-100 elementor-top-column elementor-element elementor-element-d5912f1\" data-id=\"d5912f1\" data-element_type=\"column\">\n\t\t\t<div class=\"elementor-widget-wrap elementor-element-populated\">\n\t\t\t\t\t\t<div class=\"elementor-element elementor-element-74c3c4c elementor-widget elementor-widget-heading\" data-id=\"74c3c4c\" data-element_type=\"widget\" data-widget_type=\"heading.default\">\n\t\t\t\t<div class=\"elementor-widget-container\">\n\t\t\t\t\t<h1 class=\"elementor-heading-title elementor-size-default\">Meditation &amp; Achtsamkeit<\/h1>\t\t\t\t<\/div>\n\t\t\t\t<\/div>\n\t\t\t\t\t<\/div>\n\t\t<\/div>\n\t\t\t\t\t<\/div>\n\t\t<\/section>\n\t\t\t\t<section class=\"elementor-section elementor-top-section elementor-element elementor-element-03cbbc9 elementor-section-boxed elementor-section-height-default elementor-section-height-default elementor-invisible\" data-id=\"03cbbc9\" data-element_type=\"section\" data-settings=\"{&quot;background_background&quot;:&quot;classic&quot;,&quot;animation&quot;:&quot;fadeIn&quot;}\">\n\t\t\t\t\t\t<div class=\"elementor-container elementor-column-gap-default\">\n\t\t\t\t\t<div class=\"elementor-column elementor-col-100 elementor-top-column elementor-element elementor-element-c8cc0cc\" data-id=\"c8cc0cc\" data-element_type=\"column\">\n\t\t\t<div class=\"elementor-widget-wrap elementor-element-populated\">\n\t\t\t\t\t\t<section class=\"elementor-section elementor-inner-section elementor-element elementor-element-7677617 elementor-section-boxed elementor-section-height-default elementor-section-height-default\" data-id=\"7677617\" data-element_type=\"section\">\n\t\t\t\t\t\t<div class=\"elementor-container elementor-column-gap-default\">\n\t\t\t\t\t<div class=\"elementor-column elementor-col-100 elementor-inner-column elementor-element elementor-element-5b22cbc\" data-id=\"5b22cbc\" data-element_type=\"column\">\n\t\t\t<div class=\"elementor-widget-wrap elementor-element-populated\">\n\t\t\t\t\t\t<div class=\"elementor-element elementor-element-fd646ba elementor-widget__width-auto elementor-widget elementor-widget-button\" data-id=\"fd646ba\" data-element_type=\"widget\" id=\"bildbutton\" data-widget_type=\"button.default\">\n\t\t\t\t<div class=\"elementor-widget-container\">\n\t\t\t\t\t\t\t\t\t<div class=\"elementor-button-wrapper\">\n\t\t\t\t\t<a class=\"elementor-button elementor-button-link elementor-size-sm\" href=\"#kurse\">\n\t\t\t\t\t\t<span class=\"elementor-button-content-wrapper\">\n\t\t\t\t\t\t\t\t\t<span class=\"elementor-button-text\">Entdecken Sie unsere Meditations- und Achtsamkeitskurse<\/span>\n\t\t\t\t\t<\/span>\n\t\t\t\t\t<\/a>\n\t\t\t\t<\/div>\n\t\t\t\t\t\t\t\t<\/div>\n\t\t\t\t<\/div>\n\t\t\t\t\t<\/div>\n\t\t<\/div>\n\t\t\t\t\t<\/div>\n\t\t<\/section>\n\t\t\t\t\t<\/div>\n\t\t<\/div>\n\t\t\t\t\t<\/div>\n\t\t<\/section>\n\t\t\t\t<section class=\"elementor-section elementor-top-section elementor-element elementor-element-213d6c3 elementor-section-content-top elementor-section-boxed elementor-section-height-default elementor-section-height-default elementor-invisible\" data-id=\"213d6c3\" data-element_type=\"section\" data-settings=\"{&quot;animation&quot;:&quot;fadeIn&quot;}\">\n\t\t\t\t\t\t<div class=\"elementor-container elementor-column-gap-narrow\">\n\t\t\t\t\t<div class=\"elementor-column elementor-col-50 elementor-top-column elementor-element elementor-element-9735499\" data-id=\"9735499\" data-element_type=\"column\">\n\t\t\t<div class=\"elementor-widget-wrap elementor-element-populated\">\n\t\t\t\t\t\t<section class=\"elementor-section elementor-inner-section elementor-element elementor-element-90f6cdd elementor-section-boxed elementor-section-height-default elementor-section-height-default\" data-id=\"90f6cdd\" data-element_type=\"section\">\n\t\t\t\t\t\t<div class=\"elementor-container elementor-column-gap-default\">\n\t\t\t\t\t<div class=\"elementor-column elementor-col-100 elementor-inner-column elementor-element elementor-element-5097a22\" data-id=\"5097a22\" data-element_type=\"column\">\n\t\t\t<div class=\"elementor-widget-wrap elementor-element-populated\">\n\t\t\t\t\t\t<div class=\"elementor-element elementor-element-b3bae4f elementor-widget elementor-widget-text-editor\" data-id=\"b3bae4f\" data-element_type=\"widget\" data-widget_type=\"text-editor.default\">\n\t\t\t\t<div class=\"elementor-widget-container\">\n\t\t\t\t\t\t\t\t\t<p><strong>Finden Sie Ihren Weg der Achtsamkeit und inneren Einkehr. Durch Meditation und Achtsamkeits\u00fcbungen nehmen Bewusstheit und Aufmerksamkeit zu, durchdringen immer mehr unser t\u00e4gliches Leben und verwandeln uns fast unmerklich.<br \/><\/strong><\/p><div class=\"shortcode-read-more-wrapper\"><a href=\"#\" rel=\"nofollow\" class=\"shortcode-read-more-more\">mehr lesen<\/a><div class=\"shortcode-read-more-content\">In unserer hochkomplexen, leistungsorientierten Gesellschaft und belasteten Umwelt brauchen die Menschen mehr denn je eine Zeit der bewussten inneren Einkehr, damit der Sinn des eigenen Seins sowie die Kraft zum wahren Leben erneut entdeckt werden k\u00f6nnen. <strong><br \/><\/strong><\/p><p>Meditation sensibilisiert uns f\u00fcr die Achtsamkeit in allen Lebensbereichen. Das Domicilium bietet hierzu Kurse an, die allen suchenden Menschen zugute kommen.<\/div><a href=\"#\" rel=\"nofollow\" class=\"shortcode-read-more-less\">weniger lesen<\/a><\/div>\t\t\t\t\t\t\t\t<\/div>\n\t\t\t\t<\/div>\n\t\t\t\t\t<\/div>\n\t\t<\/div>\n\t\t\t\t\t<\/div>\n\t\t<\/section>\n\t\t\t\t\t<\/div>\n\t\t<\/div>\n\t\t\t\t<div class=\"elementor-column elementor-col-50 elementor-top-column elementor-element elementor-element-aa68411\" data-id=\"aa68411\" data-element_type=\"column\">\n\t\t\t<div class=\"elementor-widget-wrap elementor-element-populated\">\n\t\t\t\t\t\t<div class=\"elementor-element elementor-element-7534d7f elementor-widget elementor-widget-image\" data-id=\"7534d7f\" data-element_type=\"widget\" data-widget_type=\"image.default\">\n\t\t\t\t<div class=\"elementor-widget-container\">\n\t\t\t\t\t\t\t\t\t\t\t\t\t\t\t<img loading=\"lazy\" decoding=\"async\" width=\"716\" height=\"247\" src=\"https:\/\/domicilium.de\/zen-spiritualitaet-bildung\/wp-content\/uploads\/sites\/3\/2023\/04\/Domicilium-Kurse-Logo-RGB.png\" class=\"attachment-large size-large wp-image-8860\" alt=\"Logo Domicilium Kurse Raum f\u00fcr Inspiration und Stille\" srcset=\"https:\/\/domicilium.de\/zen-spiritualitaet-bildung\/wp-content\/uploads\/sites\/3\/2023\/04\/Domicilium-Kurse-Logo-RGB.png 716w, https:\/\/domicilium.de\/zen-spiritualitaet-bildung\/wp-content\/uploads\/sites\/3\/2023\/04\/Domicilium-Kurse-Logo-RGB-300x103.png 300w\" sizes=\"auto, (max-width: 716px) 100vw, 716px\" \/>\t\t\t\t\t\t\t\t\t\t\t\t\t\t\t<\/div>\n\t\t\t\t<\/div>\n\t\t\t\t\t<\/div>\n\t\t<\/div>\n\t\t\t\t\t<\/div>\n\t\t<\/section>\n\t\t\t\t<section class=\"elementor-section elementor-top-section elementor-element elementor-element-c96baeb elementor-section-boxed elementor-section-height-default elementor-section-height-default elementor-invisible\" data-id=\"c96baeb\" data-element_type=\"section\" data-settings=\"{&quot;animation&quot;:&quot;fadeIn&quot;}\">\n\t\t\t\t\t\t<div class=\"elementor-container elementor-column-gap-default\">\n\t\t\t\t\t<div class=\"elementor-column elementor-col-100 elementor-top-column elementor-element elementor-element-da72841\" data-id=\"da72841\" data-element_type=\"column\">\n\t\t\t<div class=\"elementor-widget-wrap elementor-element-populated\">\n\t\t\t\t\t\t<div class=\"elementor-element elementor-element-a9965ce elementor-grid-2 elementor-grid-tablet-2 elementor-grid-mobile-1 elementor-posts--thumbnail-top elementor-widget elementor-widget-posts\" data-id=\"a9965ce\" data-element_type=\"widget\" data-settings=\"{&quot;classic_columns&quot;:&quot;2&quot;,&quot;classic_row_gap&quot;:{&quot;unit&quot;:&quot;px&quot;,&quot;size&quot;:&quot;80&quot;,&quot;sizes&quot;:[]},&quot;classic_row_gap_tablet&quot;:{&quot;unit&quot;:&quot;px&quot;,&quot;size&quot;:&quot;60&quot;,&quot;sizes&quot;:[]},&quot;classic_columns_tablet&quot;:&quot;2&quot;,&quot;classic_columns_mobile&quot;:&quot;1&quot;,&quot;classic_row_gap_mobile&quot;:{&quot;unit&quot;:&quot;px&quot;,&quot;size&quot;:&quot;&quot;,&quot;sizes&quot;:[]}}\" data-widget_type=\"posts.classic\">\n\t\t\t\t<div class=\"elementor-widget-container\">\n\t\t\t\t\t\t\t<div class=\"elementor-posts-container elementor-posts elementor-posts--skin-classic elementor-grid\" role=\"list\">\n\t\t\t\t<article class=\"elementor-post elementor-grid-item post-11677 post type-post status-publish format-standard has-post-thumbnail hentry category-meditation-achtsamkeit category-online-angebote category-spirituelle-wege category-zen\" role=\"listitem\">\n\t\t\t\t<a class=\"elementor-post__thumbnail__link\" href=\"https:\/\/domicilium.de\/zen-spiritualitaet-bildung\/taegliche-morgenmeditation-online\/\" tabindex=\"-1\" >\n\t\t\t<div class=\"elementor-post__thumbnail\"><img loading=\"lazy\" decoding=\"async\" width=\"500\" height=\"333\" src=\"https:\/\/domicilium.de\/zen-spiritualitaet-bildung\/wp-content\/uploads\/sites\/3\/2023\/07\/Domicilium_Meditationsraum_Ausschnitt_Thaler.jpg\" class=\"attachment-medium_large size-medium_large wp-image-11691\" alt=\"Meditationsraum im Domicilium\" srcset=\"https:\/\/domicilium.de\/zen-spiritualitaet-bildung\/wp-content\/uploads\/sites\/3\/2023\/07\/Domicilium_Meditationsraum_Ausschnitt_Thaler.jpg 500w, https:\/\/domicilium.de\/zen-spiritualitaet-bildung\/wp-content\/uploads\/sites\/3\/2023\/07\/Domicilium_Meditationsraum_Ausschnitt_Thaler-300x200.jpg 300w\" sizes=\"auto, (max-width: 500px) 100vw, 500px\" \/><\/div>\n\t\t<\/a>\n\t\t\t\t<div class=\"elementor-post__text\">\n\t\t\t\t<h3 class=\"elementor-post__title\">\n\t\t\t<a href=\"https:\/\/domicilium.de\/zen-spiritualitaet-bildung\/taegliche-morgenmeditation-online\/\" >\n\t\t\t\tT\u00e4gliche Morgenmeditation online\t\t\t<\/a>\n\t\t<\/h3>\n\t\t\t\t<div class=\"elementor-post__excerpt\">\n\t\t\t<p>Das gemeinsame Meditieren in der Gruppe kann die t\u00e4gliche \u00dcbungspraxis unterst\u00fctzen. Deshalb bietet das Domicilium eine t\u00e4gliche Morgenmeditation online per Zoom an.<\/p>\n\t\t<\/div>\n\t\t\n\t\t<a class=\"elementor-post__read-more\" href=\"https:\/\/domicilium.de\/zen-spiritualitaet-bildung\/taegliche-morgenmeditation-online\/\" aria-label=\"Read more about T\u00e4gliche Morgenmeditation online\" tabindex=\"-1\" >\n\t\t\t\u2192 mehr\t\t<\/a>\n\n\t\t\t\t<\/div>\n\t\t\t\t<\/article>\n\t\t\t\t<article class=\"elementor-post elementor-grid-item post-9040 post type-post status-publish format-standard has-post-thumbnail hentry category-meditation-achtsamkeit category-publikationen\" role=\"listitem\">\n\t\t\t\t<a class=\"elementor-post__thumbnail__link\" href=\"https:\/\/domicilium.de\/zen-spiritualitaet-bildung\/beitraege-von-richard-stiegler\/\" tabindex=\"-1\" >\n\t\t\t<div class=\"elementor-post__thumbnail\"><img loading=\"lazy\" decoding=\"async\" width=\"768\" height=\"512\" src=\"https:\/\/domicilium.de\/zen-spiritualitaet-bildung\/wp-content\/uploads\/sites\/3\/2023\/04\/Baum_Schnee-768x512.jpg\" class=\"attachment-medium_large size-medium_large wp-image-9075\" alt=\"Baum in Schneelandschaft\" srcset=\"https:\/\/domicilium.de\/zen-spiritualitaet-bildung\/wp-content\/uploads\/sites\/3\/2023\/04\/Baum_Schnee-768x512.jpg 768w, https:\/\/domicilium.de\/zen-spiritualitaet-bildung\/wp-content\/uploads\/sites\/3\/2023\/04\/Baum_Schnee-300x200.jpg 300w, https:\/\/domicilium.de\/zen-spiritualitaet-bildung\/wp-content\/uploads\/sites\/3\/2023\/04\/Baum_Schnee.jpg 1000w\" sizes=\"auto, (max-width: 768px) 100vw, 768px\" \/><\/div>\n\t\t<\/a>\n\t\t\t\t<div class=\"elementor-post__text\">\n\t\t\t\t<h3 class=\"elementor-post__title\">\n\t\t\t<a href=\"https:\/\/domicilium.de\/zen-spiritualitaet-bildung\/beitraege-von-richard-stiegler\/\" >\n\t\t\t\tKolumne \u201eAchtsames Leben\u201c von Richard Stiegler\t\t\t<\/a>\n\t\t<\/h3>\n\t\t\t\t<div class=\"elementor-post__excerpt\">\n\t\t\t<p>In seinen Beitr\u00e4gen zeigt Richard Stiegler \u00dcbungen, die uns f\u00fcr die Achtsamkeit in allen Lebensbereichen sensibilisieren.<\/p>\n\t\t<\/div>\n\t\t\n\t\t<a class=\"elementor-post__read-more\" href=\"https:\/\/domicilium.de\/zen-spiritualitaet-bildung\/beitraege-von-richard-stiegler\/\" aria-label=\"Read more about Kolumne \u201eAchtsames Leben\u201c von Richard Stiegler\" tabindex=\"-1\" >\n\t\t\t\u2192 mehr\t\t<\/a>\n\n\t\t\t\t<\/div>\n\t\t\t\t<\/article>\n\t\t\t\t<article class=\"elementor-post elementor-grid-item post-10595 post type-post status-publish format-standard has-post-thumbnail hentry category-meditation-achtsamkeit\" role=\"listitem\">\n\t\t\t\t<a class=\"elementor-post__thumbnail__link\" href=\"https:\/\/domicilium.de\/zen-spiritualitaet-bildung\/kursleiterinnen-und-kursleiter-fuer-meditation-und-achtsamkeit\/\" tabindex=\"-1\" >\n\t\t\t<div class=\"elementor-post__thumbnail\"><img loading=\"lazy\" decoding=\"async\" width=\"768\" height=\"512\" src=\"https:\/\/domicilium.de\/zen-spiritualitaet-bildung\/wp-content\/uploads\/sites\/3\/2023\/04\/Meditation_Miriam_Landwehr_01-768x512.jpg\" class=\"attachment-medium_large size-medium_large wp-image-9036\" alt=\"Meditierende in einem Meditationsraum\" srcset=\"https:\/\/domicilium.de\/zen-spiritualitaet-bildung\/wp-content\/uploads\/sites\/3\/2023\/04\/Meditation_Miriam_Landwehr_01-768x512.jpg 768w, https:\/\/domicilium.de\/zen-spiritualitaet-bildung\/wp-content\/uploads\/sites\/3\/2023\/04\/Meditation_Miriam_Landwehr_01-300x200.jpg 300w, https:\/\/domicilium.de\/zen-spiritualitaet-bildung\/wp-content\/uploads\/sites\/3\/2023\/04\/Meditation_Miriam_Landwehr_01.jpg 1000w\" sizes=\"auto, (max-width: 768px) 100vw, 768px\" \/><\/div>\n\t\t<\/a>\n\t\t\t\t<div class=\"elementor-post__text\">\n\t\t\t\t<h3 class=\"elementor-post__title\">\n\t\t\t<a href=\"https:\/\/domicilium.de\/zen-spiritualitaet-bildung\/kursleiterinnen-und-kursleiter-fuer-meditation-und-achtsamkeit\/\" >\n\t\t\t\tKursleiterinnen und Kursleiter f\u00fcr Meditation und Achtsamkeit\t\t\t<\/a>\n\t\t<\/h3>\n\t\t\t\t<div class=\"elementor-post__excerpt\">\n\t\t\t<p>Unsere Kursleiterinnen und Kursleiter laden Sie ein, Ihren Weg der Achtsamkeit und inneren Einkehr zu finden.<\/p>\n\t\t<\/div>\n\t\t\n\t\t<a class=\"elementor-post__read-more\" href=\"https:\/\/domicilium.de\/zen-spiritualitaet-bildung\/kursleiterinnen-und-kursleiter-fuer-meditation-und-achtsamkeit\/\" aria-label=\"Read more about Kursleiterinnen und Kursleiter f\u00fcr Meditation und Achtsamkeit\" tabindex=\"-1\" >\n\t\t\t\u2192 mehr\t\t<\/a>\n\n\t\t\t\t<\/div>\n\t\t\t\t<\/article>\n\t\t\t\t<article class=\"elementor-post elementor-grid-item post-10111 post type-post status-publish format-standard has-post-thumbnail hentry category-fortbildung category-meditation-achtsamkeit category-persoenlichkeitsbildung category-publikationen category-spirituelle-wege category-zen\" role=\"listitem\">\n\t\t\t\t<a class=\"elementor-post__thumbnail__link\" href=\"https:\/\/domicilium.de\/zen-spiritualitaet-bildung\/buchempfehlungen\/\" tabindex=\"-1\" >\n\t\t\t<div class=\"elementor-post__thumbnail\"><img loading=\"lazy\" decoding=\"async\" width=\"768\" height=\"512\" src=\"https:\/\/domicilium.de\/zen-spiritualitaet-bildung\/wp-content\/uploads\/sites\/3\/2023\/05\/buecher_03-768x512.jpg\" class=\"attachment-medium_large size-medium_large wp-image-10146\" alt=\"Buchr\u00fccken und Schriftzug B\u00fccher\" srcset=\"https:\/\/domicilium.de\/zen-spiritualitaet-bildung\/wp-content\/uploads\/sites\/3\/2023\/05\/buecher_03-768x512.jpg 768w, https:\/\/domicilium.de\/zen-spiritualitaet-bildung\/wp-content\/uploads\/sites\/3\/2023\/05\/buecher_03-300x200.jpg 300w, https:\/\/domicilium.de\/zen-spiritualitaet-bildung\/wp-content\/uploads\/sites\/3\/2023\/05\/buecher_03.jpg 1000w\" sizes=\"auto, (max-width: 768px) 100vw, 768px\" \/><\/div>\n\t\t<\/a>\n\t\t\t\t<div class=\"elementor-post__text\">\n\t\t\t\t<h3 class=\"elementor-post__title\">\n\t\t\t<a href=\"https:\/\/domicilium.de\/zen-spiritualitaet-bildung\/buchempfehlungen\/\" >\n\t\t\t\tBuchempfehlungen\t\t\t<\/a>\n\t\t<\/h3>\n\t\t\t\t<div class=\"elementor-post__excerpt\">\n\t\t\t<p>Wir wollen Sie mit B\u00fcchern bekanntmachen, die uns auf unserem spirituellen Weg begleitet haben und von denen wir glauben, Sie k\u00f6nnten ebenfalls einen Gewinn daraus ziehen.<\/p>\n\t\t<\/div>\n\t\t\n\t\t<a class=\"elementor-post__read-more\" href=\"https:\/\/domicilium.de\/zen-spiritualitaet-bildung\/buchempfehlungen\/\" aria-label=\"Read more about Buchempfehlungen\" tabindex=\"-1\" >\n\t\t\t\u2192 mehr\t\t<\/a>\n\n\t\t\t\t<\/div>\n\t\t\t\t<\/article>\n\t\t\t\t<\/div>\n\t\t\n\t\t\t\t\t\t<\/div>\n\t\t\t\t<\/div>\n\t\t\t\t\t<\/div>\n\t\t<\/div>\n\t\t\t\t\t<\/div>\n\t\t<\/section>\n\t\t\t\t<section class=\"elementor-section elementor-top-section elementor-element elementor-element-b373515 elementor-section-boxed elementor-section-height-default elementor-section-height-default elementor-invisible\" data-id=\"b373515\" data-element_type=\"section\" id=\"kurse\" data-settings=\"{&quot;animation&quot;:&quot;fadeIn&quot;}\">\n\t\t\t\t\t\t<div class=\"elementor-container elementor-column-gap-wider\">\n\t\t\t\t\t<div class=\"elementor-column elementor-col-50 elementor-top-column elementor-element elementor-element-ff44214\" data-id=\"ff44214\" data-element_type=\"column\">\n\t\t\t<div class=\"elementor-widget-wrap elementor-element-populated\">\n\t\t\t\t\t\t<div class=\"elementor-element elementor-element-8ad3466 elementor-widget elementor-widget-image\" data-id=\"8ad3466\" data-element_type=\"widget\" data-widget_type=\"image.default\">\n\t\t\t\t<div class=\"elementor-widget-container\">\n\t\t\t\t\t\t\t\t\t\t\t\t\t\t\t<img loading=\"lazy\" decoding=\"async\" width=\"90\" height=\"90\" src=\"https:\/\/domicilium.de\/zen-spiritualitaet-bildung\/wp-content\/uploads\/sites\/3\/2023\/01\/domicilium-kurse-logo.png\" class=\"attachment-large size-large wp-image-6931\" alt=\"\" \/>\t\t\t\t\t\t\t\t\t\t\t\t\t\t\t<\/div>\n\t\t\t\t<\/div>\n\t\t\t\t\t<\/div>\n\t\t<\/div>\n\t\t\t\t<div class=\"elementor-column elementor-col-50 elementor-top-column elementor-element elementor-element-bb652e8\" data-id=\"bb652e8\" data-element_type=\"column\">\n\t\t\t<div class=\"elementor-widget-wrap elementor-element-populated\">\n\t\t\t\t\t\t<div class=\"elementor-element elementor-element-bc6284f elementor-widget elementor-widget-heading\" data-id=\"bc6284f\" data-element_type=\"widget\" data-widget_type=\"heading.default\">\n\t\t\t\t<div class=\"elementor-widget-container\">\n\t\t\t\t\t<h2 class=\"elementor-heading-title elementor-size-default\">Veranstaltungen zu Meditation und Achtsamkeit<\/h2>\t\t\t\t<\/div>\n\t\t\t\t<\/div>\n\t\t\t\t\t<\/div>\n\t\t<\/div>\n\t\t\t\t\t<\/div>\n\t\t<\/section>\n\t\t\t\t<section class=\"elementor-section elementor-top-section elementor-element elementor-element-3739cd8 elementor-section-boxed elementor-section-height-default elementor-section-height-default elementor-invisible\" data-id=\"3739cd8\" data-element_type=\"section\" data-settings=\"{&quot;animation&quot;:&quot;fadeIn&quot;}\">\n\t\t\t\t\t\t<div class=\"elementor-container elementor-column-gap-default\">\n\t\t\t\t\t<div class=\"elementor-column elementor-col-100 elementor-top-column elementor-element elementor-element-12c9415\" data-id=\"12c9415\" data-element_type=\"column\">\n\t\t\t<div class=\"elementor-widget-wrap elementor-element-populated\">\n\t\t\t\t\t\t<div class=\"elementor-element elementor-element-9e93f0d elementor-widget elementor-widget-text-editor\" data-id=\"9e93f0d\" data-element_type=\"widget\" data-widget_type=\"text-editor.default\">\n\t\t\t\t<div class=\"elementor-widget-container\">\n\t\t\t\t\t\t\t<span style=\"display:none\">\n\t\t\tarray(5) {\n  [\"category\"]=>\n  string(2) \"87\"\n  [\"filter\"]=>\n  string(5) \"false\"\n  [\"dozent\"]=>\n  string(0) \"\"\n  [\"thema\"]=>\n  string(0) \"\"\n  [\"format\"]=>\n  string(0) \"\"\n}\n\t\t<\/span>\n\t\t\t\t\n\n<section class=\"elementor-section elementor-top-section elementor-element elementor-section-boxed elementor-section-height-default animated fadeIn course-list\">\n\t\n\t\n\n\n\t\t\t\n\t\t<div class=\"course-items tpl-tile\">\n\n\t\t\n\t\t\t<div class=\"course-item course-kachel dozent_14271 thema_47 thema_99 thema_4 thema_67 thema_6 thema_44 format_11 format_65 monat_2026_05 course-status-frei \">\n\t\t\n\t\t<!-- onclick=\"click_on_link(event, 'https:\/\/domicilium.de\/zen-spiritualitaet-bildung\/kurs\/heilung-durch-meditation-in-bewegung-lu-jong-tibetisches-heilyoga-in-den-kategorien-atemarbeit-buddhismus-meditation-medizin-persoenlichkeitsbildung-yoga-praesenz-regelmaessige-angebote-mit-mila-hechf\/')\" -->\n\n\t\t<div class=\"course-info-wrapper\">\n\t\t\t\n\t\t\t<div class=\"date-block\">\n\t\t\t\t<span class=\"month\">Mai<\/span>\n\t\t\t\t<span class=\"year\">2026<\/span>\n\t\t\t<\/div>\n\n\t\t\t<div class=\"date-range\">\n\t\t\t\t<span class=\"date-from\">Sa 09.05. &#8211;<\/span>\n\t\t\t\t<span class=\"date-to\">Sa 09.05.<\/span>\n\t\t\t\t<span class=\"course-number\">TH01<br>\n\t\t\t\t\t\t\t\t\t\t\t<span class=\"praesenz\"><\/span>\n\t\t\t\t\t\t<!-- <br>\n\t\t\t\t\t\t<img decoding=\"async\" src=\"\/wp-content\/uploads\/sites\/3\/assets\/icon-location-4.svg\" width=\"75\" alt=\"\"> -->\n\t\t\t\t\t\t\t\t\t\t\t\t\t\t<\/span>\n\t\t\t<\/div>\n\n\t\t\t<div class=\"course-name-and-booking\">\n\t\t\t\t<h4 class=\"course-title\"><a href=\"https:\/\/domicilium.de\/zen-spiritualitaet-bildung\/kurs\/heilung-durch-meditation-in-bewegung-lu-jong-tibetisches-heilyoga-in-den-kategorien-atemarbeit-buddhismus-meditation-medizin-persoenlichkeitsbildung-yoga-praesenz-regelmaessige-angebote-mit-mila-hechf\/\">Heilung durch Meditation in Bewegung<\/a><\/h4>\n\t\t\t\t<h5 class=\"course-subtitle\"><a href=\"https:\/\/domicilium.de\/zen-spiritualitaet-bildung\/kurs\/heilung-durch-meditation-in-bewegung-lu-jong-tibetisches-heilyoga-in-den-kategorien-atemarbeit-buddhismus-meditation-medizin-persoenlichkeitsbildung-yoga-praesenz-regelmaessige-angebote-mit-mila-hechf\/\">Lu Jong \u2013 Tibetisches Heilyoga<\/a><\/h5>\n\t\t\t\t<ul class=\"course-description\">\n\t\t\t\t\t<li>Einf\u00fchrungsseminar mit Mila Hechfellner<\/li>\n\t\t\t\t\t<li>Kursgeb&uuml;hr: 30\u00a0\u20ac <\/li>\t\t\t\t\t\t\t\t\t\t\t\t\t\t\t\t\t\t\t\t\n\t\t\t\t<\/ul>\t\t\t\t\n\t\t\t<\/div>\n\n\t\t\t<div class=\"course-trainers\">\n\t\t\t\t<div class=\"trainers\">\n\t\t<a onClick=\"click_on_link(event,'https:\/\/domicilium.de\/zen-spiritualitaet-bildung\/dozenten\/mila-hechfellner\/')\" title=\"Mila Hechfellner\"><img decoding=\"async\" src=\"https:\/\/domicilium.de\/zen-spiritualitaet-bildung\/wp-content\/uploads\/sites\/3\/2024\/02\/Mila_Hechfellner_Web_500x500px_3-150x150.jpg\" alt=\"Mila+Hechfellner\" \/><\/a>\t<\/div>\n\t<div class=\"trainer_names\">\n\t\t<a class=\"js_link\" onClick=\"click_on_link(event,'https:\/\/domicilium.de\/zen-spiritualitaet-bildung\/dozenten\/mila-hechfellner\/')\" title=\"Mila Hechfellner\">Mila Hechfellner<\/a><br>\t<\/div>\n\t\t\t<\/div>\n\n\t\t<\/div>\n\n\t\t<div class=\"attend-button-wrapper\" style=\"display: flex; flex-direction: row; align-items: center\">\n\t\t\t\t\t\t\t<div><a onClick=\"click_on_link(event,'https:\/\/domicilium.de\/zen-spiritualitaet-bildung\/kurs\/heilung-durch-meditation-in-bewegung-lu-jong-tibetisches-heilyoga-in-den-kategorien-atemarbeit-buddhismus-meditation-medizin-persoenlichkeitsbildung-yoga-praesenz-regelmaessige-angebote-mit-mila-hechf\/')\" class=\"btn attend\">Info<\/a><\/div> \n\t\t\t\t\n\t\t\t\t<div style=\"display:inline-block;\"><img decoding=\"async\" src=\"\/wp-content\/uploads\/sites\/3\/assets\/icon-location-7.svg\" alt=\"\" style=\"width:110px; padding:10px 0 0 10px;\"><\/div>  \n\t\t\t\t \n\t\t\t\t\n\t\t\t\t\t<\/div>\n\n\t\t\n\t<\/div>\n\n\t<script>\n\t\tfunction click_on_link(event, target)\n\t\t{\n\t\t\t\/\/ window.open(target,'_blank');\n\t\t\tlocation.href = target;\n\t\t\tevent.stopPropagation();\n\t\t}\n\t<\/script>\n\n\n\t\n\t\n\t\t\n\n\t\t\n\t\t\t<div class=\"course-item course-kachel dozent_14271 thema_47 thema_99 thema_4 thema_67 thema_6 thema_44 format_11 format_65 monat_2026_05 course-status-frei \">\n\t\t\n\t\t<!-- onclick=\"click_on_link(event, 'https:\/\/domicilium.de\/zen-spiritualitaet-bildung\/kurs\/heilung-durch-meditation-in-bewegung-lu-jong-tibetisches-heilyoga-in-den-kategorien-atemarbeit-buddhismus-meditation-medizin-persoenlichkeitsbildung-yoga-praesenz-regelmaessige-angebote-mit-mila-hec-2\/')\" -->\n\n\t\t<div class=\"course-info-wrapper\">\n\t\t\t\n\t\t\t<div class=\"date-block\">\n\t\t\t\t<span class=\"month\">Mai<\/span>\n\t\t\t\t<span class=\"year\">2026<\/span>\n\t\t\t<\/div>\n\n\t\t\t<div class=\"date-range\">\n\t\t\t\t<span class=\"date-from\">Mi 13.05. &#8211;<\/span>\n\t\t\t\t<span class=\"date-to\">Mi 13.05.<\/span>\n\t\t\t\t<span class=\"course-number\">TH02<br>\n\t\t\t\t\t\t\t\t\t\t\t<span class=\"praesenz\"><\/span>\n\t\t\t\t\t\t<!-- <br>\n\t\t\t\t\t\t<img decoding=\"async\" src=\"\/wp-content\/uploads\/sites\/3\/assets\/icon-location-4.svg\" width=\"75\" alt=\"\"> -->\n\t\t\t\t\t\t\t\t\t\t\t\t\t\t<\/span>\n\t\t\t<\/div>\n\n\t\t\t<div class=\"course-name-and-booking\">\n\t\t\t\t<h4 class=\"course-title\"><a href=\"https:\/\/domicilium.de\/zen-spiritualitaet-bildung\/kurs\/heilung-durch-meditation-in-bewegung-lu-jong-tibetisches-heilyoga-in-den-kategorien-atemarbeit-buddhismus-meditation-medizin-persoenlichkeitsbildung-yoga-praesenz-regelmaessige-angebote-mit-mila-hec-2\/\">Heilung durch Meditation in Bewegung<\/a><\/h4>\n\t\t\t\t<h5 class=\"course-subtitle\"><a href=\"https:\/\/domicilium.de\/zen-spiritualitaet-bildung\/kurs\/heilung-durch-meditation-in-bewegung-lu-jong-tibetisches-heilyoga-in-den-kategorien-atemarbeit-buddhismus-meditation-medizin-persoenlichkeitsbildung-yoga-praesenz-regelmaessige-angebote-mit-mila-hec-2\/\">Lu Jong \u2013 Tibetisches Heilyoga<\/a><\/h5>\n\t\t\t\t<ul class=\"course-description\">\n\t\t\t\t\t<li>Fortlaufender Kurs mit Mila Hechfellner<\/li>\n\t\t\t\t\t<li>Kursgeb&uuml;hr: 10\u00a0\u20ac <\/li>\t\t\t\t\t\t\t\t\t\t\t\t\t\t\t\t\t\t\t\t\n\t\t\t\t<\/ul>\t\t\t\t\n\t\t\t<\/div>\n\n\t\t\t<div class=\"course-trainers\">\n\t\t\t\t<div class=\"trainers\">\n\t\t<a onClick=\"click_on_link(event,'https:\/\/domicilium.de\/zen-spiritualitaet-bildung\/dozenten\/mila-hechfellner\/')\" title=\"Mila Hechfellner\"><img decoding=\"async\" src=\"https:\/\/domicilium.de\/zen-spiritualitaet-bildung\/wp-content\/uploads\/sites\/3\/2024\/02\/Mila_Hechfellner_Web_500x500px_3-150x150.jpg\" alt=\"Mila+Hechfellner\" \/><\/a>\t<\/div>\n\t<div class=\"trainer_names\">\n\t\t<a class=\"js_link\" onClick=\"click_on_link(event,'https:\/\/domicilium.de\/zen-spiritualitaet-bildung\/dozenten\/mila-hechfellner\/')\" title=\"Mila Hechfellner\">Mila Hechfellner<\/a><br>\t<\/div>\n\t\t\t<\/div>\n\n\t\t<\/div>\n\n\t\t<div class=\"attend-button-wrapper\" style=\"display: flex; flex-direction: row; align-items: center\">\n\t\t\t\t\t\t\t<div><a onClick=\"click_on_link(event,'https:\/\/domicilium.de\/zen-spiritualitaet-bildung\/kurs\/heilung-durch-meditation-in-bewegung-lu-jong-tibetisches-heilyoga-in-den-kategorien-atemarbeit-buddhismus-meditation-medizin-persoenlichkeitsbildung-yoga-praesenz-regelmaessige-angebote-mit-mila-hec-2\/')\" class=\"btn attend\">Info<\/a><\/div> \n\t\t\t\t\n\t\t\t\t<div style=\"display:inline-block;\"><img decoding=\"async\" src=\"\/wp-content\/uploads\/sites\/3\/assets\/icon-location-7.svg\" alt=\"\" style=\"width:110px; padding:10px 0 0 10px;\"><\/div>  \n\t\t\t\t \n\t\t\t\t\n\t\t\t\t\t<\/div>\n\n\t\t\n\t<\/div>\n\n\t<script>\n\t\tfunction click_on_link(event, target)\n\t\t{\n\t\t\t\/\/ window.open(target,'_blank');\n\t\t\tlocation.href = target;\n\t\t\tevent.stopPropagation();\n\t\t}\n\t<\/script>\n\n\n\t\n\t\n\t\t\n\n\t\t\n\t\t\t<div class=\"course-item course-kachel dozent_16643 thema_99 thema_4 thema_44 format_11 format_97 monat_2026_05 course-status-frei \">\n\t\t\n\t\t<!-- onclick=\"click_on_link(event, 'https:\/\/domicilium.de\/zen-spiritualitaet-bildung\/kurs\/die-natur-des-geistes-erfahren-dzogchen-retreat-phowa-und-bardo-praxis-in-den-kategorien-buddhismus-meditation-yoga-praesenz-sesshin-retreat-mit-khyung-rinpoche-bei-muenchen-in-bayern-in-sueddeutschla\/')\" -->\n\n\t\t<div class=\"course-info-wrapper\">\n\t\t\t\n\t\t\t<div class=\"date-block\">\n\t\t\t\t<span class=\"month\">Mai<\/span>\n\t\t\t\t<span class=\"year\">2026<\/span>\n\t\t\t<\/div>\n\n\t\t\t<div class=\"date-range\">\n\t\t\t\t<span class=\"date-from\">Do 21.05. &#8211;<\/span>\n\t\t\t\t<span class=\"date-to\">Di 26.05.<\/span>\n\t\t\t\t<span class=\"course-number\">K2617<br>\n\t\t\t\t\t\t\t\t\t\t\t<span class=\"praesenz\"><\/span>\n\t\t\t\t\t\t<!-- <br>\n\t\t\t\t\t\t<img decoding=\"async\" src=\"\/wp-content\/uploads\/sites\/3\/assets\/icon-location-4.svg\" width=\"75\" alt=\"\"> -->\n\t\t\t\t\t\t\t\t\t\t\t\t\t\t<\/span>\n\t\t\t<\/div>\n\n\t\t\t<div class=\"course-name-and-booking\">\n\t\t\t\t<h4 class=\"course-title\"><a href=\"https:\/\/domicilium.de\/zen-spiritualitaet-bildung\/kurs\/die-natur-des-geistes-erfahren-dzogchen-retreat-phowa-und-bardo-praxis-in-den-kategorien-buddhismus-meditation-yoga-praesenz-sesshin-retreat-mit-khyung-rinpoche-bei-muenchen-in-bayern-in-sueddeutschla\/\">Die Natur des Geistes erfahren<\/a><\/h4>\n\t\t\t\t<h5 class=\"course-subtitle\"><a href=\"https:\/\/domicilium.de\/zen-spiritualitaet-bildung\/kurs\/die-natur-des-geistes-erfahren-dzogchen-retreat-phowa-und-bardo-praxis-in-den-kategorien-buddhismus-meditation-yoga-praesenz-sesshin-retreat-mit-khyung-rinpoche-bei-muenchen-in-bayern-in-sueddeutschla\/\">Dzogchen-Retreat: Phowa- und Bardo-Praxis<\/a><\/h5>\n\t\t\t\t<ul class=\"course-description\">\n\t\t\t\t\t<li>5 Tage Retreat in der tibetischen B\u00f6n-Tradition mit Khyung Rinpoche<\/li>\n\t\t\t\t\t<li>Kursgeb&uuml;hr: 280\u00a0\u20ac <\/li>\t\t\t\t\t\t\t\t\t\t\t\t\t\t\t<li>Unterbringung\/Verpflegung: 295 &euro; bis 445 &euro;<\/li>\t\t\t\t\t\n\t\t\t\t<\/ul>\t\t\t\t\n\t\t\t<\/div>\n\n\t\t\t<div class=\"course-trainers\">\n\t\t\t\t<div class=\"trainers\">\n\t\t<a onClick=\"click_on_link(event,'https:\/\/domicilium.de\/zen-spiritualitaet-bildung\/dozenten\/khyung-rinpoche\/')\" title=\"Khyung Rinpoche\"><img decoding=\"async\" src=\"https:\/\/domicilium.de\/zen-spiritualitaet-bildung\/wp-content\/uploads\/sites\/3\/2025\/04\/Khyung_Rinpoche-150x150.jpg\" alt=\"Khyung+Rinpoche\" \/><\/a>\t<\/div>\n\t<div class=\"trainer_names\">\n\t\t<a class=\"js_link\" onClick=\"click_on_link(event,'https:\/\/domicilium.de\/zen-spiritualitaet-bildung\/dozenten\/khyung-rinpoche\/')\" title=\"Khyung Rinpoche\">Khyung Rinpoche<\/a><br>\t<\/div>\n\t\t\t<\/div>\n\n\t\t<\/div>\n\n\t\t<div class=\"attend-button-wrapper\" style=\"display: flex; flex-direction: row; align-items: center\">\n\t\t\t\t\t\t\t<div><a onClick=\"click_on_link(event,'https:\/\/domicilium.de\/zen-spiritualitaet-bildung\/kurs\/die-natur-des-geistes-erfahren-dzogchen-retreat-phowa-und-bardo-praxis-in-den-kategorien-buddhismus-meditation-yoga-praesenz-sesshin-retreat-mit-khyung-rinpoche-bei-muenchen-in-bayern-in-sueddeutschla\/')\" class=\"btn attend\">Info &#038; Buchung<\/a><\/div> \n\t\t\t\t\n\t\t\t\t<div style=\"display:inline-block;\"><img decoding=\"async\" src=\"\/wp-content\/uploads\/sites\/3\/assets\/icon-location-7.svg\" alt=\"\" style=\"width:110px; padding:10px 0 0 10px;\"><\/div>  \n\t\t\t\t \n\t\t\t\t\n\t\t\t\t\t<\/div>\n\n\t\t\n\t<\/div>\n\n\t<script>\n\t\tfunction click_on_link(event, target)\n\t\t{\n\t\t\t\/\/ window.open(target,'_blank');\n\t\t\tlocation.href = target;\n\t\t\tevent.stopPropagation();\n\t\t}\n\t<\/script>\n\n\n\t\n\t\n\t\t\n\n\t\t\n\t\t\t<div class=\"course-item course-kachel dozent_5626 thema_99 thema_4 thema_6 thema_102 format_11 format_97 monat_2026_05 course-status-frei \">\n\t\t\n\t\t<!-- onclick=\"click_on_link(event, 'https:\/\/domicilium.de\/zen-spiritualitaet-bildung\/kurs\/stille-und-die-liebe-zum-einfachen-meditation-und-schweigen-in-den-kategorien-buddhismus-meditation-persoenlichkeitsbildung-vipassana-praesenz-sesshin-retreat-mit-richard-stiegler-bei-muenchen-in-baye\/')\" -->\n\n\t\t<div class=\"course-info-wrapper\">\n\t\t\t\n\t\t\t<div class=\"date-block\">\n\t\t\t\t<span class=\"month\">Mai<\/span>\n\t\t\t\t<span class=\"year\">2026<\/span>\n\t\t\t<\/div>\n\n\t\t\t<div class=\"date-range\">\n\t\t\t\t<span class=\"date-from\">Di 26.05. &#8211;<\/span>\n\t\t\t\t<span class=\"date-to\">So 31.05.<\/span>\n\t\t\t\t<span class=\"course-number\">K2618<br>\n\t\t\t\t\t\t\t\t\t\t\t<span class=\"praesenz\"><\/span>\n\t\t\t\t\t\t<!-- <br>\n\t\t\t\t\t\t<img decoding=\"async\" src=\"\/wp-content\/uploads\/sites\/3\/assets\/icon-location-4.svg\" width=\"75\" alt=\"\"> -->\n\t\t\t\t\t\t\t\t\t\t\t\t\t\t<\/span>\n\t\t\t<\/div>\n\n\t\t\t<div class=\"course-name-and-booking\">\n\t\t\t\t<h4 class=\"course-title\"><a href=\"https:\/\/domicilium.de\/zen-spiritualitaet-bildung\/kurs\/stille-und-die-liebe-zum-einfachen-meditation-und-schweigen-in-den-kategorien-buddhismus-meditation-persoenlichkeitsbildung-vipassana-praesenz-sesshin-retreat-mit-richard-stiegler-bei-muenchen-in-baye\/\">Stille und die Liebe zum Einfachen<\/a><\/h4>\n\t\t\t\t<h5 class=\"course-subtitle\"><a href=\"https:\/\/domicilium.de\/zen-spiritualitaet-bildung\/kurs\/stille-und-die-liebe-zum-einfachen-meditation-und-schweigen-in-den-kategorien-buddhismus-meditation-persoenlichkeitsbildung-vipassana-praesenz-sesshin-retreat-mit-richard-stiegler-bei-muenchen-in-baye\/\">Meditation und Schweigen<\/a><\/h5>\n\t\t\t\t<ul class=\"course-description\">\n\t\t\t\t\t<li>5 Tage Meditation mit Richard Stiegler<\/li>\n\t\t\t\t\t<li>Kursgeb&uuml;hr: 380\u00a0\u20ac <\/li>\t\t\t\t\t\t\t\t\t\t\t\t\t\t\t<li>Unterbringung\/Verpflegung: 295 &euro; bis 445 &euro;<\/li>\t\t\t\t\t\n\t\t\t\t<\/ul>\t\t\t\t\n\t\t\t<\/div>\n\n\t\t\t<div class=\"course-trainers\">\n\t\t\t\t<div class=\"trainers\">\n\t\t<a onClick=\"click_on_link(event,'https:\/\/domicilium.de\/zen-spiritualitaet-bildung\/dozenten\/richard-stiegler\/')\" title=\"Richard Stiegler\"><img decoding=\"async\" src=\"https:\/\/domicilium.de\/zen-spiritualitaet-bildung\/wp-content\/uploads\/sites\/3\/2022\/11\/Richard_Stiegler-150x150.jpg\" alt=\"Portr%C3%A4t+Richard+Stiegler\" \/><\/a>\t<\/div>\n\t<div class=\"trainer_names\">\n\t\t<a class=\"js_link\" onClick=\"click_on_link(event,'https:\/\/domicilium.de\/zen-spiritualitaet-bildung\/dozenten\/richard-stiegler\/')\" title=\"Richard Stiegler\">Richard Stiegler<\/a><br>\t<\/div>\n\t\t\t<\/div>\n\n\t\t<\/div>\n\n\t\t<div class=\"attend-button-wrapper\" style=\"display: flex; flex-direction: row; align-items: center\">\n\t\t\t\t\t\t\t<div><a onClick=\"click_on_link(event,'https:\/\/domicilium.de\/zen-spiritualitaet-bildung\/kurs\/stille-und-die-liebe-zum-einfachen-meditation-und-schweigen-in-den-kategorien-buddhismus-meditation-persoenlichkeitsbildung-vipassana-praesenz-sesshin-retreat-mit-richard-stiegler-bei-muenchen-in-baye\/')\" class=\"btn attend\">Info &#038; Buchung<\/a><\/div> \n\t\t\t\t\n\t\t\t\t<div style=\"display:inline-block;\"><img decoding=\"async\" src=\"\/wp-content\/uploads\/sites\/3\/assets\/icon-location-7.svg\" alt=\"\" style=\"width:110px; padding:10px 0 0 10px;\"><\/div>  \n\t\t\t\t \n\t\t\t\t\n\t\t\t\t\t<\/div>\n\n\t\t\n\t<\/div>\n\n\t<script>\n\t\tfunction click_on_link(event, target)\n\t\t{\n\t\t\t\/\/ window.open(target,'_blank');\n\t\t\tlocation.href = target;\n\t\t\tevent.stopPropagation();\n\t\t}\n\t<\/script>\n\n\n\t\n\t\n\t\t\n\n\t\t\n\t\t\t<div class=\"course-item course-kachel dozent_5626 dozent_20263 thema_99 thema_4 thema_6 thema_102 format_10 format_97 monat_2026_05 course-status-frei \">\n\t\t\n\t\t<!-- onclick=\"click_on_link(event, 'https:\/\/domicilium.de\/zen-spiritualitaet-bildung\/kurs\/stille-und-die-liebe-zum-einfachen-meditation-und-schweigen-im-eigenen-heim-in-den-kategorien-buddhismus-meditation-persoenlichkeitsbildung-vipassana-online-sesshin-retreat-mit-richard-stiegler-und-an\/')\" -->\n\n\t\t<div class=\"course-info-wrapper\">\n\t\t\t\n\t\t\t<div class=\"date-block\">\n\t\t\t\t<span class=\"month\">Mai<\/span>\n\t\t\t\t<span class=\"year\">2026<\/span>\n\t\t\t<\/div>\n\n\t\t\t<div class=\"date-range\">\n\t\t\t\t<span class=\"date-from\">Di 26.05. &#8211;<\/span>\n\t\t\t\t<span class=\"date-to\">So 31.05.<\/span>\n\t\t\t\t<span class=\"course-number\">V26001<br>\n\t\t\t\t\t\t\t\t\t\t\t\t\t\t\t\t<span class=\"online\"><\/span>\n\t\t\t\t\t\t\t\t\t<\/span>\n\t\t\t<\/div>\n\n\t\t\t<div class=\"course-name-and-booking\">\n\t\t\t\t<h4 class=\"course-title\"><a href=\"https:\/\/domicilium.de\/zen-spiritualitaet-bildung\/kurs\/stille-und-die-liebe-zum-einfachen-meditation-und-schweigen-im-eigenen-heim-in-den-kategorien-buddhismus-meditation-persoenlichkeitsbildung-vipassana-online-sesshin-retreat-mit-richard-stiegler-und-an\/\">Stille und die Liebe zum Einfachen<\/a><\/h4>\n\t\t\t\t<h5 class=\"course-subtitle\"><a href=\"https:\/\/domicilium.de\/zen-spiritualitaet-bildung\/kurs\/stille-und-die-liebe-zum-einfachen-meditation-und-schweigen-im-eigenen-heim-in-den-kategorien-buddhismus-meditation-persoenlichkeitsbildung-vipassana-online-sesshin-retreat-mit-richard-stiegler-und-an\/\">Meditation und Schweigen im eigenen Heim<\/a><\/h5>\n\t\t\t\t<ul class=\"course-description\">\n\t\t\t\t\t<li>5 Tage Meditation mit Richard Stiegler und Anja Kleer<\/li>\n\t\t\t\t\t<li>Kursgeb&uuml;hr: 380\u00a0\u20ac <\/li>\t\t\t\t\t\t\t\t\t\t<li>Technikgeb&uuml;hr: 125 &euro;<\/li>\t\t\t\t\t\t\t\t\t\t\n\t\t\t\t<\/ul>\t\t\t\t\n\t\t\t<\/div>\n\n\t\t\t<div class=\"course-trainers\">\n\t\t\t\t<div class=\"trainers\">\n\t\t<a onClick=\"click_on_link(event,'https:\/\/domicilium.de\/zen-spiritualitaet-bildung\/dozenten\/richard-stiegler\/')\" title=\"Richard Stiegler\"><img decoding=\"async\" src=\"https:\/\/domicilium.de\/zen-spiritualitaet-bildung\/wp-content\/uploads\/sites\/3\/2022\/11\/Richard_Stiegler-150x150.jpg\" alt=\"Portr%C3%A4t+Richard+Stiegler\" \/><\/a><a onClick=\"click_on_link(event,'https:\/\/domicilium.de\/zen-spiritualitaet-bildung\/dozenten\/anja-kleer\/')\" title=\"Anja Kleer\"><img decoding=\"async\" src=\"https:\/\/domicilium.de\/zen-spiritualitaet-bildung\/wp-content\/uploads\/sites\/3\/2026\/04\/Anja_Kleer_Web_500x500px_2-150x150.jpg\" alt=\"Anja+Kleer\" \/><\/a>\t<\/div>\n\t<div class=\"trainer_names\">\n\t\t<a class=\"js_link\" onClick=\"click_on_link(event,'https:\/\/domicilium.de\/zen-spiritualitaet-bildung\/dozenten\/richard-stiegler\/')\" title=\"Richard Stiegler\">Richard Stiegler<\/a><br><a class=\"js_link\" onClick=\"click_on_link(event,'https:\/\/domicilium.de\/zen-spiritualitaet-bildung\/dozenten\/anja-kleer\/')\" title=\"Anja Kleer\">Anja Kleer<\/a><br>\t<\/div>\n\t\t\t<\/div>\n\n\t\t<\/div>\n\n\t\t<div class=\"attend-button-wrapper\" style=\"display: flex; flex-direction: row; align-items: center\">\n\t\t\t\t\t\t\t<div><a onClick=\"click_on_link(event,'https:\/\/domicilium.de\/zen-spiritualitaet-bildung\/kurs\/stille-und-die-liebe-zum-einfachen-meditation-und-schweigen-im-eigenen-heim-in-den-kategorien-buddhismus-meditation-persoenlichkeitsbildung-vipassana-online-sesshin-retreat-mit-richard-stiegler-und-an\/')\" class=\"btn attend\">Info &#038; Buchung<\/a><\/div> \n\t\t\t\t\n\t\t\t\t \n\t\t\t\t<div style=\"display:inline-block;\"><img decoding=\"async\" src=\"\/wp-content\/uploads\/sites\/3\/assets\/icon-online.svg\" alt=\"\" style=\"width:110px; padding:10px 0 0 10px;\"><\/div>  \n\t\t\t\t\n\t\t\t\t\t<\/div>\n\n\t\t\n\t<\/div>\n\n\t<script>\n\t\tfunction click_on_link(event, target)\n\t\t{\n\t\t\t\/\/ window.open(target,'_blank');\n\t\t\tlocation.href = target;\n\t\t\tevent.stopPropagation();\n\t\t}\n\t<\/script>\n\n\n\t\n\t\n\t\t\n\n\t\t\n\t\t\t<div class=\"course-item course-kachel dozent_5577 thema_100 thema_61 thema_4 format_37 format_11 monat_2026_08 course-status-ausgebucht \">\n\t\t\n\t\t<!-- onclick=\"click_on_link(event, 'https:\/\/domicilium.de\/zen-spiritualitaet-bildung\/kurs\/fortbildung-zur-meditationsanleitung-block-11-turnus-9-2024-2026-in-den-kategorien-christentum-kontemplation-meditation-fortbildung-praesenz-mit-miriam-bluemel-bei-muenchen-in-bayern-in-sueddeutschlan\/')\" -->\n\n\t\t<div class=\"course-info-wrapper\">\n\t\t\t\n\t\t\t<div class=\"date-block\">\n\t\t\t\t<span class=\"month\">Aug<\/span>\n\t\t\t\t<span class=\"year\">2026<\/span>\n\t\t\t<\/div>\n\n\t\t\t<div class=\"date-range\">\n\t\t\t\t<span class=\"date-from\">Mi 05.08. &#8211;<\/span>\n\t\t\t\t<span class=\"date-to\">So 09.08.<\/span>\n\t\t\t\t<span class=\"course-number\">A2402-11<br>\n\t\t\t\t\t\t\t\t\t\t\t<span class=\"praesenz\"><\/span>\n\t\t\t\t\t\t<!-- <br>\n\t\t\t\t\t\t<img decoding=\"async\" src=\"\/wp-content\/uploads\/sites\/3\/assets\/icon-location-4.svg\" width=\"75\" alt=\"\"> -->\n\t\t\t\t\t\t\t\t\t\t\t\t\t\t<\/span>\n\t\t\t<\/div>\n\n\t\t\t<div class=\"course-name-and-booking\">\n\t\t\t\t<h4 class=\"course-title\"><a href=\"https:\/\/domicilium.de\/zen-spiritualitaet-bildung\/kurs\/fortbildung-zur-meditationsanleitung-block-11-turnus-9-2024-2026-in-den-kategorien-christentum-kontemplation-meditation-fortbildung-praesenz-mit-miriam-bluemel-bei-muenchen-in-bayern-in-sueddeutschlan\/\">Fortbildung zur Meditationsanleitung<\/a><\/h4>\n\t\t\t\t<h5 class=\"course-subtitle\"><a href=\"https:\/\/domicilium.de\/zen-spiritualitaet-bildung\/kurs\/fortbildung-zur-meditationsanleitung-block-11-turnus-9-2024-2026-in-den-kategorien-christentum-kontemplation-meditation-fortbildung-praesenz-mit-miriam-bluemel-bei-muenchen-in-bayern-in-sueddeutschlan\/\">Block 11 | Turnus 9 | 2024-2026<\/a><\/h5>\n\t\t\t\t<ul class=\"course-description\">\n\t\t\t\t\t<li>Zweij\u00e4hrige Fortbildung zur Meditationsanleitung mit Miriam Bl\u00fcmel und verschiedenen Dozent*innen<\/li>\n\t\t\t\t\t\t\t\t\t\t\t\t\t\t\t\t\t\t\t\t\t\t\t\t\t\n\t\t\t\t<\/ul>\t\t\t\t\n\t\t\t<\/div>\n\n\t\t\t<div class=\"course-trainers\">\n\t\t\t\t<div class=\"trainers\">\n\t\t<a onClick=\"click_on_link(event,'https:\/\/domicilium.de\/zen-spiritualitaet-bildung\/dozenten\/miriam-bluemel\/')\" title=\"Miriam Bl\u00fcmel\"><img decoding=\"async\" src=\"https:\/\/domicilium.de\/zen-spiritualitaet-bildung\/wp-content\/uploads\/sites\/3\/2022\/11\/Miriam_Bluemel-Wagner-150x150.jpg\" alt=\"Portr%C3%A4t+Miriam+Bl%C3%BCmel-Wagner\" \/><\/a>\t<\/div>\n\t<div class=\"trainer_names\">\n\t\t<a class=\"js_link\" onClick=\"click_on_link(event,'https:\/\/domicilium.de\/zen-spiritualitaet-bildung\/dozenten\/miriam-bluemel\/')\" title=\"Miriam Bl\u00fcmel\">Miriam Bl\u00fcmel<\/a><br>\t<\/div>\n\t\t\t<\/div>\n\n\t\t<\/div>\n\n\t\t<div class=\"attend-button-wrapper\" style=\"display: flex; flex-direction: row; align-items: center\">\n\t\t\t\t\t\t\t<div><a onClick=\"click_on_link(event,'https:\/\/domicilium.de\/zen-spiritualitaet-bildung\/kurs\/fortbildung-zur-meditationsanleitung-block-11-turnus-9-2024-2026-in-den-kategorien-christentum-kontemplation-meditation-fortbildung-praesenz-mit-miriam-bluemel-bei-muenchen-in-bayern-in-sueddeutschlan\/')\" class=\"btn attend\">Info<\/a><\/div> \n\t\t\t\t\n\t\t\t\t<div style=\"display:inline-block;\"><img decoding=\"async\" src=\"\/wp-content\/uploads\/sites\/3\/assets\/icon-location-7.svg\" alt=\"\" style=\"width:110px; padding:10px 0 0 10px;\"><\/div>  \n\t\t\t\t \n\t\t\t\t\n\t\t\t\t\t<\/div>\n\n\t\t\n\t<\/div>\n\n\t<script>\n\t\tfunction click_on_link(event, target)\n\t\t{\n\t\t\t\/\/ window.open(target,'_blank');\n\t\t\tlocation.href = target;\n\t\t\tevent.stopPropagation();\n\t\t}\n\t<\/script>\n\n\n\t\n\t\n\t\t\n\n\t\t\n\t\t\t<div class=\"course-item course-kachel dozent_14169 thema_4 thema_29 thema_44 thema_3 format_11 format_97 monat_2026_08 course-status-frei has-notice\">\n\t\t\n\t\t<!-- onclick=\"click_on_link(event, 'https:\/\/domicilium.de\/zen-spiritualitaet-bildung\/kurs\/mut-zur-klarheit-yoga-retreat-in-den-kategorien-meditation-sanbozen-yoga-zen-praesenz-sesshin-retreat-mit-claudia-petschnig-bei-muenchen-in-bayern-in-sueddeutschland-k2623\/')\" -->\n\n\t\t<div class=\"course-info-wrapper\">\n\t\t\t\n\t\t\t<div class=\"date-block\">\n\t\t\t\t<span class=\"month\">Aug<\/span>\n\t\t\t\t<span class=\"year\">2026<\/span>\n\t\t\t<\/div>\n\n\t\t\t<div class=\"date-range\">\n\t\t\t\t<span class=\"date-from\">Fr 28.08. &#8211;<\/span>\n\t\t\t\t<span class=\"date-to\">Do 03.09.<\/span>\n\t\t\t\t<span class=\"course-number\">K2623<br>\n\t\t\t\t\t\t\t\t\t\t\t<span class=\"praesenz\"><\/span>\n\t\t\t\t\t\t<!-- <br>\n\t\t\t\t\t\t<img decoding=\"async\" src=\"\/wp-content\/uploads\/sites\/3\/assets\/icon-location-4.svg\" width=\"75\" alt=\"\"> -->\n\t\t\t\t\t\t\t\t\t\t\t\t\t\t<\/span>\n\t\t\t<\/div>\n\n\t\t\t<div class=\"course-name-and-booking\">\n\t\t\t\t<h4 class=\"course-title\"><a href=\"https:\/\/domicilium.de\/zen-spiritualitaet-bildung\/kurs\/mut-zur-klarheit-yoga-retreat-in-den-kategorien-meditation-sanbozen-yoga-zen-praesenz-sesshin-retreat-mit-claudia-petschnig-bei-muenchen-in-bayern-in-sueddeutschland-k2623\/\">Mut zur Klarheit<\/a><\/h4>\n\t\t\t\t<h5 class=\"course-subtitle\"><a href=\"https:\/\/domicilium.de\/zen-spiritualitaet-bildung\/kurs\/mut-zur-klarheit-yoga-retreat-in-den-kategorien-meditation-sanbozen-yoga-zen-praesenz-sesshin-retreat-mit-claudia-petschnig-bei-muenchen-in-bayern-in-sueddeutschland-k2623\/\">Yoga-Retreat<\/a><\/h5>\n\t\t\t\t<ul class=\"course-description\">\n\t\t\t\t\t<li>6 Tage innere Ruhe finden, Orientierung gewinnen und das Leben sinnerf\u00fcllt gestalten mit Claudia Petschnig<\/li>\n\t\t\t\t\t<li>Kursgeb&uuml;hr: 490\u00a0\u20ac <\/li>\t\t\t\t\t\t\t\t\t\t\t\t\t\t\t<li>Unterbringung\/Verpflegung: 354 &euro; bis 534 &euro;<\/li>\t\t\t\t\t\n\t\t\t\t<\/ul>\t\t\t\t\n\t\t\t<\/div>\n\n\t\t\t<div class=\"course-trainers\">\n\t\t\t\t<div class=\"trainers\">\n\t\t<a onClick=\"click_on_link(event,'https:\/\/domicilium.de\/zen-spiritualitaet-bildung\/dozenten\/claudia-petschnig\/')\" title=\"Claudia Petschnig\"><img decoding=\"async\" src=\"https:\/\/domicilium.de\/zen-spiritualitaet-bildung\/wp-content\/uploads\/sites\/3\/2024\/01\/Claudia_Petschnig_Web_500x500px-150x150.jpg\" alt=\"Claudia+Petschnig\" \/><\/a>\t<\/div>\n\t<div class=\"trainer_names\">\n\t\t<a class=\"js_link\" onClick=\"click_on_link(event,'https:\/\/domicilium.de\/zen-spiritualitaet-bildung\/dozenten\/claudia-petschnig\/')\" title=\"Claudia Petschnig\">Claudia Petschnig<\/a><br>\t<\/div>\n\t\t\t<\/div>\n\n\t\t<\/div>\n\n\t\t<div class=\"attend-button-wrapper\" style=\"display: flex; flex-direction: row; align-items: center\">\n\t\t\t\t\t\t\t<div><a onClick=\"click_on_link(event,'https:\/\/domicilium.de\/zen-spiritualitaet-bildung\/kurs\/mut-zur-klarheit-yoga-retreat-in-den-kategorien-meditation-sanbozen-yoga-zen-praesenz-sesshin-retreat-mit-claudia-petschnig-bei-muenchen-in-bayern-in-sueddeutschland-k2623\/')\" class=\"btn attend\">Info &#038; Buchung<\/a><\/div> \n\t\t\t\t\n\t\t\t\t<div style=\"display:inline-block;\"><img decoding=\"async\" src=\"\/wp-content\/uploads\/sites\/3\/assets\/icon-location-7.svg\" alt=\"\" style=\"width:110px; padding:10px 0 0 10px;\"><\/div>  \n\t\t\t\t \n\t\t\t\t\n\t\t\t\t\t<\/div>\n\n\t\t\t\t<div class=\"course-notice dezent\">\n\t\t\t<span class=\"notice-icon\"><\/span>\n\t\t\t<span class=\"notice-text\">\n\t\t\t\t\t\t\t\t<p>Fr\u00fchbucherpreis: <strong>490 \u20ac<\/strong> bei Anmeldung bis 30.04.2026, danach <strong>590 \u20ac<\/strong><\/p>\n\t\t\t<\/span>\n\t\t<\/div>\n\t\t\n\t<\/div>\n\n\t<script>\n\t\tfunction click_on_link(event, target)\n\t\t{\n\t\t\t\/\/ window.open(target,'_blank');\n\t\t\tlocation.href = target;\n\t\t\tevent.stopPropagation();\n\t\t}\n\t<\/script>\n\n\n\t\n\t\n\t\t\n\n\t\t\n\t\t\t<div class=\"course-item course-kachel dozent_13170 dozent_13164 thema_99 thema_4 thema_44 thema_3 format_11 format_97 monat_2026_10 course-status-frei \">\n\t\t\n\t\t<!-- onclick=\"click_on_link(event, 'https:\/\/domicilium.de\/zen-spiritualitaet-bildung\/kurs\/freude-im-hier-und-jetzt-buddhismus-und-yoga-in-den-kategorien-buddhismus-meditation-yoga-zen-praesenz-sesshin-retreat-mit-eva-barth-und-dr-thomas-barth-bei-muenchen-in-bayern-in-sueddeutschland-k2631\/')\" -->\n\n\t\t<div class=\"course-info-wrapper\">\n\t\t\t\n\t\t\t<div class=\"date-block\">\n\t\t\t\t<span class=\"month\">Okt<\/span>\n\t\t\t\t<span class=\"year\">2026<\/span>\n\t\t\t<\/div>\n\n\t\t\t<div class=\"date-range\">\n\t\t\t\t<span class=\"date-from\">Do 15.10. &#8211;<\/span>\n\t\t\t\t<span class=\"date-to\">So 18.10.<\/span>\n\t\t\t\t<span class=\"course-number\">K2631<br>\n\t\t\t\t\t\t\t\t\t\t\t<span class=\"praesenz\"><\/span>\n\t\t\t\t\t\t<!-- <br>\n\t\t\t\t\t\t<img decoding=\"async\" src=\"\/wp-content\/uploads\/sites\/3\/assets\/icon-location-4.svg\" width=\"75\" alt=\"\"> -->\n\t\t\t\t\t\t\t\t\t\t\t\t\t\t<\/span>\n\t\t\t<\/div>\n\n\t\t\t<div class=\"course-name-and-booking\">\n\t\t\t\t<h4 class=\"course-title\"><a href=\"https:\/\/domicilium.de\/zen-spiritualitaet-bildung\/kurs\/freude-im-hier-und-jetzt-buddhismus-und-yoga-in-den-kategorien-buddhismus-meditation-yoga-zen-praesenz-sesshin-retreat-mit-eva-barth-und-dr-thomas-barth-bei-muenchen-in-bayern-in-sueddeutschland-k2631\/\">Freude im Hier und Jetzt<\/a><\/h4>\n\t\t\t\t<h5 class=\"course-subtitle\"><a href=\"https:\/\/domicilium.de\/zen-spiritualitaet-bildung\/kurs\/freude-im-hier-und-jetzt-buddhismus-und-yoga-in-den-kategorien-buddhismus-meditation-yoga-zen-praesenz-sesshin-retreat-mit-eva-barth-und-dr-thomas-barth-bei-muenchen-in-bayern-in-sueddeutschland-k2631\/\">Buddhismus und Yoga<\/a><\/h5>\n\t\t\t\t<ul class=\"course-description\">\n\t\t\t\t\t<li>4 Tage Retreat mit Eva und Thomas Barth<\/li>\n\t\t\t\t\t\t\t\t\t\t<li>Kursverwaltungsgeb&uuml;hr: 80\u00a0\u20ac + Dana f\u00fcr die Kursleitung (Spende)<\/li>\t\t\t\t\t\t\t\t\t\t<li>Unterbringung\/Verpflegung: 177 &euro; bis 267 &euro;<\/li>\t\t\t\t\t\n\t\t\t\t<\/ul>\t\t\t\t\n\t\t\t<\/div>\n\n\t\t\t<div class=\"course-trainers\">\n\t\t\t\t<div class=\"trainers\">\n\t\t<a onClick=\"click_on_link(event,'https:\/\/domicilium.de\/zen-spiritualitaet-bildung\/dozenten\/eva-barth\/')\" title=\"Eva Barth\"><img decoding=\"async\" src=\"https:\/\/domicilium.de\/zen-spiritualitaet-bildung\/wp-content\/uploads\/sites\/3\/2023\/09\/Eva_Barth_2_Web_500x500px-150x150.jpg\" alt=\"Eva+Barth\" \/><\/a><a onClick=\"click_on_link(event,'https:\/\/domicilium.de\/zen-spiritualitaet-bildung\/dozenten\/thomas-barth\/')\" title=\"Dr. Thomas Barth\"><img decoding=\"async\" src=\"https:\/\/domicilium.de\/zen-spiritualitaet-bildung\/wp-content\/uploads\/sites\/3\/2023\/09\/Thomas_Barth_Web_500x500px-150x150.jpg\" alt=\"Thomas+Barth\" \/><\/a>\t<\/div>\n\t<div class=\"trainer_names\">\n\t\t<a class=\"js_link\" onClick=\"click_on_link(event,'https:\/\/domicilium.de\/zen-spiritualitaet-bildung\/dozenten\/eva-barth\/')\" title=\"Eva Barth\">Eva Barth<\/a><br><a class=\"js_link\" onClick=\"click_on_link(event,'https:\/\/domicilium.de\/zen-spiritualitaet-bildung\/dozenten\/thomas-barth\/')\" title=\"Dr. Thomas Barth\">Dr. Thomas Barth<\/a><br>\t<\/div>\n\t\t\t<\/div>\n\n\t\t<\/div>\n\n\t\t<div class=\"attend-button-wrapper\" style=\"display: flex; flex-direction: row; align-items: center\">\n\t\t\t\t\t\t\t<div><a onClick=\"click_on_link(event,'https:\/\/domicilium.de\/zen-spiritualitaet-bildung\/kurs\/freude-im-hier-und-jetzt-buddhismus-und-yoga-in-den-kategorien-buddhismus-meditation-yoga-zen-praesenz-sesshin-retreat-mit-eva-barth-und-dr-thomas-barth-bei-muenchen-in-bayern-in-sueddeutschland-k2631\/')\" class=\"btn attend\">Info &#038; Buchung<\/a><\/div> \n\t\t\t\t\n\t\t\t\t<div style=\"display:inline-block;\"><img decoding=\"async\" src=\"\/wp-content\/uploads\/sites\/3\/assets\/icon-location-7.svg\" alt=\"\" style=\"width:110px; padding:10px 0 0 10px;\"><\/div>  \n\t\t\t\t \n\t\t\t\t\n\t\t\t\t\t<\/div>\n\n\t\t\n\t<\/div>\n\n\t<script>\n\t\tfunction click_on_link(event, target)\n\t\t{\n\t\t\t\/\/ window.open(target,'_blank');\n\t\t\tlocation.href = target;\n\t\t\tevent.stopPropagation();\n\t\t}\n\t<\/script>\n\n\n\t\n\t\n\t\t\n\n\t\t\n\t\t\t<div class=\"course-item course-kachel dozent_5643 thema_99 thema_4 thema_59 thema_102 format_11 format_97 monat_2026_10 course-status-frei \">\n\t\t\n\t\t<!-- onclick=\"click_on_link(event, 'https:\/\/domicilium.de\/zen-spiritualitaet-bildung\/kurs\/grundlagen-der-samatha-vipassana-meditation-samatha-vipassana-meditation-mit-mantrachanting-und-yoga-in-den-kategorien-buddhismus-meditation-musik-vipassana-praesenz-sesshin-retreat-mit-charlie-pils-b\/')\" -->\n\n\t\t<div class=\"course-info-wrapper\">\n\t\t\t\n\t\t\t<div class=\"date-block\">\n\t\t\t\t<span class=\"month\">Okt<\/span>\n\t\t\t\t<span class=\"year\">2026<\/span>\n\t\t\t<\/div>\n\n\t\t\t<div class=\"date-range\">\n\t\t\t\t<span class=\"date-from\">Do 29.10. &#8211;<\/span>\n\t\t\t\t<span class=\"date-to\">So 01.11.<\/span>\n\t\t\t\t<span class=\"course-number\">K2633<br>\n\t\t\t\t\t\t\t\t\t\t\t<span class=\"praesenz\"><\/span>\n\t\t\t\t\t\t<!-- <br>\n\t\t\t\t\t\t<img decoding=\"async\" src=\"\/wp-content\/uploads\/sites\/3\/assets\/icon-location-4.svg\" width=\"75\" alt=\"\"> -->\n\t\t\t\t\t\t\t\t\t\t\t\t\t\t<\/span>\n\t\t\t<\/div>\n\n\t\t\t<div class=\"course-name-and-booking\">\n\t\t\t\t<h4 class=\"course-title\"><a href=\"https:\/\/domicilium.de\/zen-spiritualitaet-bildung\/kurs\/grundlagen-der-samatha-vipassana-meditation-samatha-vipassana-meditation-mit-mantrachanting-und-yoga-in-den-kategorien-buddhismus-meditation-musik-vipassana-praesenz-sesshin-retreat-mit-charlie-pils-b\/\">Grundlagen der Samatha-Vipassana Meditation<\/a><\/h4>\n\t\t\t\t<h5 class=\"course-subtitle\"><a href=\"https:\/\/domicilium.de\/zen-spiritualitaet-bildung\/kurs\/grundlagen-der-samatha-vipassana-meditation-samatha-vipassana-meditation-mit-mantrachanting-und-yoga-in-den-kategorien-buddhismus-meditation-musik-vipassana-praesenz-sesshin-retreat-mit-charlie-pils-b\/\">Samatha-Vipassana Meditation mit Mantrachanting und Yoga<\/a><\/h5>\n\t\t\t\t<ul class=\"course-description\">\n\t\t\t\t\t<li>3 Tage Samatha-Vipassana Meditation mit Charlie Pils<\/li>\n\t\t\t\t\t\t\t\t\t\t<li>Kursverwaltungsgeb&uuml;hr: 180\u00a0\u20ac + Dana f\u00fcr die Kursleitung (Spende)<\/li>\t\t\t\t\t\t\t\t\t\t<li>Unterbringung\/Verpflegung: 177 &euro; bis 267 &euro;<\/li>\t\t\t\t\t\n\t\t\t\t<\/ul>\t\t\t\t\n\t\t\t<\/div>\n\n\t\t\t<div class=\"course-trainers\">\n\t\t\t\t<div class=\"trainers\">\n\t\t<a onClick=\"click_on_link(event,'https:\/\/domicilium.de\/zen-spiritualitaet-bildung\/dozenten\/charlie-pils\/')\" title=\"Charlie Pils\"><img decoding=\"async\" src=\"https:\/\/domicilium.de\/zen-spiritualitaet-bildung\/wp-content\/uploads\/sites\/3\/2023\/09\/Charlie_Pils_Web_500x500px-150x150.jpg\" alt=\"Charlie+Pils\" \/><\/a>\t<\/div>\n\t<div class=\"trainer_names\">\n\t\t<a class=\"js_link\" onClick=\"click_on_link(event,'https:\/\/domicilium.de\/zen-spiritualitaet-bildung\/dozenten\/charlie-pils\/')\" title=\"Charlie Pils\">Charlie Pils<\/a><br>\t<\/div>\n\t\t\t<\/div>\n\n\t\t<\/div>\n\n\t\t<div class=\"attend-button-wrapper\" style=\"display: flex; flex-direction: row; align-items: center\">\n\t\t\t\t\t\t\t<div><a onClick=\"click_on_link(event,'https:\/\/domicilium.de\/zen-spiritualitaet-bildung\/kurs\/grundlagen-der-samatha-vipassana-meditation-samatha-vipassana-meditation-mit-mantrachanting-und-yoga-in-den-kategorien-buddhismus-meditation-musik-vipassana-praesenz-sesshin-retreat-mit-charlie-pils-b\/')\" class=\"btn attend\">Info &#038; Buchung<\/a><\/div> \n\t\t\t\t\n\t\t\t\t<div style=\"display:inline-block;\"><img decoding=\"async\" src=\"\/wp-content\/uploads\/sites\/3\/assets\/icon-location-7.svg\" alt=\"\" style=\"width:110px; padding:10px 0 0 10px;\"><\/div>  \n\t\t\t\t \n\t\t\t\t\n\t\t\t\t\t<\/div>\n\n\t\t\n\t<\/div>\n\n\t<script>\n\t\tfunction click_on_link(event, target)\n\t\t{\n\t\t\t\/\/ window.open(target,'_blank');\n\t\t\tlocation.href = target;\n\t\t\tevent.stopPropagation();\n\t\t}\n\t<\/script>\n\n\n\t\n\t\n\t\t\n\n\t\t\n\t\t\t<div class=\"course-item course-kachel dozent_13688 dozent_20259 thema_99 thema_4 thema_6 format_10 monat_2026_11 course-status-frei has-notice\">\n\t\t\n\t\t<!-- onclick=\"click_on_link(event, 'https:\/\/domicilium.de\/zen-spiritualitaet-bildung\/kurs\/bewusster-durch-das-leben-gehen-session-1-grundlagen-der-achtsamkeit-und-meditation-in-den-kategorien-buddhismus-meditation-persoenlichkeitsbildung-online-mit-dr-svea-von-hehn-und-moritz-birk-v26017-1\/')\" -->\n\n\t\t<div class=\"course-info-wrapper\">\n\t\t\t\n\t\t\t<div class=\"date-block\">\n\t\t\t\t<span class=\"month\">Nov<\/span>\n\t\t\t\t<span class=\"year\">2026<\/span>\n\t\t\t<\/div>\n\n\t\t\t<div class=\"date-range\">\n\t\t\t\t<span class=\"date-from\">Mo 09.11. &#8211;<\/span>\n\t\t\t\t<span class=\"date-to\">Mo 09.11.<\/span>\n\t\t\t\t<span class=\"course-number\">V26017-1<br>\n\t\t\t\t\t\t\t\t\t\t\t\t\t\t\t\t<span class=\"online\"><\/span>\n\t\t\t\t\t\t\t\t\t<\/span>\n\t\t\t<\/div>\n\n\t\t\t<div class=\"course-name-and-booking\">\n\t\t\t\t<h4 class=\"course-title\"><a href=\"https:\/\/domicilium.de\/zen-spiritualitaet-bildung\/kurs\/bewusster-durch-das-leben-gehen-session-1-grundlagen-der-achtsamkeit-und-meditation-in-den-kategorien-buddhismus-meditation-persoenlichkeitsbildung-online-mit-dr-svea-von-hehn-und-moritz-birk-v26017-1\/\">Bewusster durch das Leben gehen<\/a><\/h4>\n\t\t\t\t<h5 class=\"course-subtitle\"><a href=\"https:\/\/domicilium.de\/zen-spiritualitaet-bildung\/kurs\/bewusster-durch-das-leben-gehen-session-1-grundlagen-der-achtsamkeit-und-meditation-in-den-kategorien-buddhismus-meditation-persoenlichkeitsbildung-online-mit-dr-svea-von-hehn-und-moritz-birk-v26017-1\/\">Session 1 | Grundlagen der Achtsamkeit und Meditation<\/a><\/h5>\n\t\t\t\t<ul class=\"course-description\">\n\t\t\t\t\t<li>3 Online-Sessions zur Achtsamkeit mit Svea von Hehn und Moritz Birk<\/li>\n\t\t\t\t\t\t\t\t\t\t\t\t\t\t\t\t\t\t\t\t\t\t\t\t\t\n\t\t\t\t<\/ul>\t\t\t\t\n\t\t\t<\/div>\n\n\t\t\t<div class=\"course-trainers\">\n\t\t\t\t<div class=\"trainers\">\n\t\t<a onClick=\"click_on_link(event,'https:\/\/domicilium.de\/zen-spiritualitaet-bildung\/dozenten\/dr-svea-von-hehn\/')\" title=\"Dr. Svea von Hehn\"><img decoding=\"async\" src=\"https:\/\/domicilium.de\/zen-spiritualitaet-bildung\/wp-content\/uploads\/sites\/3\/2023\/11\/Svea_von_Hehn_Web_500x500px-150x150.jpg\" alt=\"Svea+von+Hehn\" \/><\/a><a onClick=\"click_on_link(event,'https:\/\/domicilium.de\/zen-spiritualitaet-bildung\/dozenten\/moritz-birk\/')\" title=\"Moritz Birk\"><img decoding=\"async\" src=\"https:\/\/domicilium.de\/zen-spiritualitaet-bildung\/wp-content\/uploads\/sites\/3\/2026\/04\/Moritz_Birk_Web_500x500px-150x150.jpg\" alt=\"Moritz+Birk\" \/><\/a>\t<\/div>\n\t<div class=\"trainer_names\">\n\t\t<a class=\"js_link\" onClick=\"click_on_link(event,'https:\/\/domicilium.de\/zen-spiritualitaet-bildung\/dozenten\/dr-svea-von-hehn\/')\" title=\"Dr. Svea von Hehn\">Dr. Svea von Hehn<\/a><br><a class=\"js_link\" onClick=\"click_on_link(event,'https:\/\/domicilium.de\/zen-spiritualitaet-bildung\/dozenten\/moritz-birk\/')\" title=\"Moritz Birk\">Moritz Birk<\/a><br>\t<\/div>\n\t\t\t<\/div>\n\n\t\t<\/div>\n\n\t\t<div class=\"attend-button-wrapper\" style=\"display: flex; flex-direction: row; align-items: center\">\n\t\t\t\t\t\t\t<div><a onClick=\"click_on_link(event,'https:\/\/domicilium.de\/zen-spiritualitaet-bildung\/kurs\/bewusster-durch-das-leben-gehen-session-1-grundlagen-der-achtsamkeit-und-meditation-in-den-kategorien-buddhismus-meditation-persoenlichkeitsbildung-online-mit-dr-svea-von-hehn-und-moritz-birk-v26017-1\/')\" class=\"btn attend\">Info<\/a><\/div> \n\t\t\t\t\n\t\t\t\t \n\t\t\t\t<div style=\"display:inline-block;\"><img decoding=\"async\" src=\"\/wp-content\/uploads\/sites\/3\/assets\/icon-online.svg\" alt=\"\" style=\"width:110px; padding:10px 0 0 10px;\"><\/div>  \n\t\t\t\t\n\t\t\t\t\t<\/div>\n\n\t\t\t\t<div class=\"course-notice dezent\">\n\t\t\t<span class=\"notice-icon\"><\/span>\n\t\t\t<span class=\"notice-text\">\n\t\t\t\t\t\t\t\t<p>Dieser Kurs findet in drei Online-Sessions statt. Session 1\u20133 k\u00f6nnen nur gemeinsam gebucht werden.<\/p>\n\t\t\t<\/span>\n\t\t<\/div>\n\t\t\n\t<\/div>\n\n\t<script>\n\t\tfunction click_on_link(event, target)\n\t\t{\n\t\t\t\/\/ window.open(target,'_blank');\n\t\t\tlocation.href = target;\n\t\t\tevent.stopPropagation();\n\t\t}\n\t<\/script>\n\n\n\t\n\t\n\t\t\n\n\t\t\n\t\t\t<div class=\"course-item course-kachel dozent_13688 dozent_20259 thema_99 thema_4 thema_6 format_10 monat_2026_11 course-status-frei has-notice\">\n\t\t\n\t\t<!-- onclick=\"click_on_link(event, 'https:\/\/domicilium.de\/zen-spiritualitaet-bildung\/kurs\/bewusster-durch-das-leben-gehen-grundlagen-der-achtsamkeit-und-meditation-in-den-kategorien-buddhismus-meditation-persoenlichkeitsbildung-online-mit-dr-svea-von-hehn-und-moritz-birk-v26017\/')\" -->\n\n\t\t<div class=\"course-info-wrapper\">\n\t\t\t\n\t\t\t<div class=\"date-block\">\n\t\t\t\t<span class=\"month\">Nov<\/span>\n\t\t\t\t<span class=\"year\">2026<\/span>\n\t\t\t<\/div>\n\n\t\t\t<div class=\"date-range\">\n\t\t\t\t<span class=\"date-from\">Mo 09.11. &#8211;<\/span>\n\t\t\t\t<span class=\"date-to\">Mo 23.11.<\/span>\n\t\t\t\t<span class=\"course-number\">V26017<br>\n\t\t\t\t\t\t\t\t\t\t\t\t\t\t\t\t<span class=\"online\"><\/span>\n\t\t\t\t\t\t\t\t\t<\/span>\n\t\t\t<\/div>\n\n\t\t\t<div class=\"course-name-and-booking\">\n\t\t\t\t<h4 class=\"course-title\"><a href=\"https:\/\/domicilium.de\/zen-spiritualitaet-bildung\/kurs\/bewusster-durch-das-leben-gehen-grundlagen-der-achtsamkeit-und-meditation-in-den-kategorien-buddhismus-meditation-persoenlichkeitsbildung-online-mit-dr-svea-von-hehn-und-moritz-birk-v26017\/\">Bewusster durch das Leben gehen<\/a><\/h4>\n\t\t\t\t<h5 class=\"course-subtitle\"><a href=\"https:\/\/domicilium.de\/zen-spiritualitaet-bildung\/kurs\/bewusster-durch-das-leben-gehen-grundlagen-der-achtsamkeit-und-meditation-in-den-kategorien-buddhismus-meditation-persoenlichkeitsbildung-online-mit-dr-svea-von-hehn-und-moritz-birk-v26017\/\">Grundlagen der Achtsamkeit und Meditation<\/a><\/h5>\n\t\t\t\t<ul class=\"course-description\">\n\t\t\t\t\t<li>3 Online-Sessions zur Achtsamkeit mit Svea von Hehn und Moritz Birk<\/li>\n\t\t\t\t\t<li>Kursgeb&uuml;hr: 190\u00a0\u20ac <\/li>\t\t\t\t\t\t\t\t\t\t\t\t\t\t\t\t\t\t\t\t\n\t\t\t\t<\/ul>\t\t\t\t\n\t\t\t<\/div>\n\n\t\t\t<div class=\"course-trainers\">\n\t\t\t\t<div class=\"trainers\">\n\t\t<a onClick=\"click_on_link(event,'https:\/\/domicilium.de\/zen-spiritualitaet-bildung\/dozenten\/dr-svea-von-hehn\/')\" title=\"Dr. Svea von Hehn\"><img decoding=\"async\" src=\"https:\/\/domicilium.de\/zen-spiritualitaet-bildung\/wp-content\/uploads\/sites\/3\/2023\/11\/Svea_von_Hehn_Web_500x500px-150x150.jpg\" alt=\"Svea+von+Hehn\" \/><\/a><a onClick=\"click_on_link(event,'https:\/\/domicilium.de\/zen-spiritualitaet-bildung\/dozenten\/moritz-birk\/')\" title=\"Moritz Birk\"><img decoding=\"async\" src=\"https:\/\/domicilium.de\/zen-spiritualitaet-bildung\/wp-content\/uploads\/sites\/3\/2026\/04\/Moritz_Birk_Web_500x500px-150x150.jpg\" alt=\"Moritz+Birk\" \/><\/a>\t<\/div>\n\t<div class=\"trainer_names\">\n\t\t<a class=\"js_link\" onClick=\"click_on_link(event,'https:\/\/domicilium.de\/zen-spiritualitaet-bildung\/dozenten\/dr-svea-von-hehn\/')\" title=\"Dr. Svea von Hehn\">Dr. Svea von Hehn<\/a><br><a class=\"js_link\" onClick=\"click_on_link(event,'https:\/\/domicilium.de\/zen-spiritualitaet-bildung\/dozenten\/moritz-birk\/')\" title=\"Moritz Birk\">Moritz Birk<\/a><br>\t<\/div>\n\t\t\t<\/div>\n\n\t\t<\/div>\n\n\t\t<div class=\"attend-button-wrapper\" style=\"display: flex; flex-direction: row; align-items: center\">\n\t\t\t\t\t\t\t<div><a onClick=\"click_on_link(event,'https:\/\/domicilium.de\/zen-spiritualitaet-bildung\/kurs\/bewusster-durch-das-leben-gehen-grundlagen-der-achtsamkeit-und-meditation-in-den-kategorien-buddhismus-meditation-persoenlichkeitsbildung-online-mit-dr-svea-von-hehn-und-moritz-birk-v26017\/')\" class=\"btn attend\">Info &#038; Buchung<\/a><\/div> \n\t\t\t\t\n\t\t\t\t \n\t\t\t\t<div style=\"display:inline-block;\"><img decoding=\"async\" src=\"\/wp-content\/uploads\/sites\/3\/assets\/icon-online.svg\" alt=\"\" style=\"width:110px; padding:10px 0 0 10px;\"><\/div>  \n\t\t\t\t\n\t\t\t\t\t<\/div>\n\n\t\t\t\t<div class=\"course-notice dezent\">\n\t\t\t<span class=\"notice-icon\"><\/span>\n\t\t\t<span class=\"notice-text\">\n\t\t\t\t\t\t\t\t<p>Dieser Kurs findet in drei Online-Sessions statt. Session 1\u20133 k\u00f6nnen nur gemeinsam gebucht werden.<\/p>\n\t\t\t<\/span>\n\t\t<\/div>\n\t\t\n\t<\/div>\n\n\t<script>\n\t\tfunction click_on_link(event, target)\n\t\t{\n\t\t\t\/\/ window.open(target,'_blank');\n\t\t\tlocation.href = target;\n\t\t\tevent.stopPropagation();\n\t\t}\n\t<\/script>\n\n\n\t\n\t\n\t\t\n\n\t\t\n\t\t\t<div class=\"course-item course-kachel dozent_13688 dozent_20259 thema_99 thema_4 thema_6 format_10 monat_2026_11 course-status-frei has-notice\">\n\t\t\n\t\t<!-- onclick=\"click_on_link(event, 'https:\/\/domicilium.de\/zen-spiritualitaet-bildung\/kurs\/bewusster-durch-das-leben-gehen-session-2-grundlagen-der-achtsamkeit-und-meditation-in-den-kategorien-buddhismus-meditation-persoenlichkeitsbildung-online-mit-dr-svea-von-hehn-und-moritz-birk-v26017-2\/')\" -->\n\n\t\t<div class=\"course-info-wrapper\">\n\t\t\t\n\t\t\t<div class=\"date-block\">\n\t\t\t\t<span class=\"month\">Nov<\/span>\n\t\t\t\t<span class=\"year\">2026<\/span>\n\t\t\t<\/div>\n\n\t\t\t<div class=\"date-range\">\n\t\t\t\t<span class=\"date-from\">Mo 16.11. &#8211;<\/span>\n\t\t\t\t<span class=\"date-to\">Mo 16.11.<\/span>\n\t\t\t\t<span class=\"course-number\">V26017-2<br>\n\t\t\t\t\t\t\t\t\t\t\t\t\t\t\t\t<span class=\"online\"><\/span>\n\t\t\t\t\t\t\t\t\t<\/span>\n\t\t\t<\/div>\n\n\t\t\t<div class=\"course-name-and-booking\">\n\t\t\t\t<h4 class=\"course-title\"><a href=\"https:\/\/domicilium.de\/zen-spiritualitaet-bildung\/kurs\/bewusster-durch-das-leben-gehen-session-2-grundlagen-der-achtsamkeit-und-meditation-in-den-kategorien-buddhismus-meditation-persoenlichkeitsbildung-online-mit-dr-svea-von-hehn-und-moritz-birk-v26017-2\/\">Bewusster durch das Leben gehen<\/a><\/h4>\n\t\t\t\t<h5 class=\"course-subtitle\"><a href=\"https:\/\/domicilium.de\/zen-spiritualitaet-bildung\/kurs\/bewusster-durch-das-leben-gehen-session-2-grundlagen-der-achtsamkeit-und-meditation-in-den-kategorien-buddhismus-meditation-persoenlichkeitsbildung-online-mit-dr-svea-von-hehn-und-moritz-birk-v26017-2\/\">Session 2 | Grundlagen der Achtsamkeit und Meditation<\/a><\/h5>\n\t\t\t\t<ul class=\"course-description\">\n\t\t\t\t\t<li>3 Online-Sessions zur Achtsamkeit mit Svea von Hehn und Moritz Birk<\/li>\n\t\t\t\t\t\t\t\t\t\t\t\t\t\t\t\t\t\t\t\t\t\t\t\t\t\n\t\t\t\t<\/ul>\t\t\t\t\n\t\t\t<\/div>\n\n\t\t\t<div class=\"course-trainers\">\n\t\t\t\t<div class=\"trainers\">\n\t\t<a onClick=\"click_on_link(event,'https:\/\/domicilium.de\/zen-spiritualitaet-bildung\/dozenten\/dr-svea-von-hehn\/')\" title=\"Dr. Svea von Hehn\"><img decoding=\"async\" src=\"https:\/\/domicilium.de\/zen-spiritualitaet-bildung\/wp-content\/uploads\/sites\/3\/2023\/11\/Svea_von_Hehn_Web_500x500px-150x150.jpg\" alt=\"Svea+von+Hehn\" \/><\/a><a onClick=\"click_on_link(event,'https:\/\/domicilium.de\/zen-spiritualitaet-bildung\/dozenten\/moritz-birk\/')\" title=\"Moritz Birk\"><img decoding=\"async\" src=\"https:\/\/domicilium.de\/zen-spiritualitaet-bildung\/wp-content\/uploads\/sites\/3\/2026\/04\/Moritz_Birk_Web_500x500px-150x150.jpg\" alt=\"Moritz+Birk\" \/><\/a>\t<\/div>\n\t<div class=\"trainer_names\">\n\t\t<a class=\"js_link\" onClick=\"click_on_link(event,'https:\/\/domicilium.de\/zen-spiritualitaet-bildung\/dozenten\/dr-svea-von-hehn\/')\" title=\"Dr. Svea von Hehn\">Dr. Svea von Hehn<\/a><br><a class=\"js_link\" onClick=\"click_on_link(event,'https:\/\/domicilium.de\/zen-spiritualitaet-bildung\/dozenten\/moritz-birk\/')\" title=\"Moritz Birk\">Moritz Birk<\/a><br>\t<\/div>\n\t\t\t<\/div>\n\n\t\t<\/div>\n\n\t\t<div class=\"attend-button-wrapper\" style=\"display: flex; flex-direction: row; align-items: center\">\n\t\t\t\t\t\t\t<div><a onClick=\"click_on_link(event,'https:\/\/domicilium.de\/zen-spiritualitaet-bildung\/kurs\/bewusster-durch-das-leben-gehen-session-2-grundlagen-der-achtsamkeit-und-meditation-in-den-kategorien-buddhismus-meditation-persoenlichkeitsbildung-online-mit-dr-svea-von-hehn-und-moritz-birk-v26017-2\/')\" class=\"btn attend\">Info<\/a><\/div> \n\t\t\t\t\n\t\t\t\t \n\t\t\t\t<div style=\"display:inline-block;\"><img decoding=\"async\" src=\"\/wp-content\/uploads\/sites\/3\/assets\/icon-online.svg\" alt=\"\" style=\"width:110px; padding:10px 0 0 10px;\"><\/div>  \n\t\t\t\t\n\t\t\t\t\t<\/div>\n\n\t\t\t\t<div class=\"course-notice dezent\">\n\t\t\t<span class=\"notice-icon\"><\/span>\n\t\t\t<span class=\"notice-text\">\n\t\t\t\t\t\t\t\t<p>Dieser Kurs findet in drei Online-Sessions statt. Session 1\u20133 k\u00f6nnen nur gemeinsam gebucht werden.<\/p>\n\t\t\t<\/span>\n\t\t<\/div>\n\t\t\n\t<\/div>\n\n\t<script>\n\t\tfunction click_on_link(event, target)\n\t\t{\n\t\t\t\/\/ window.open(target,'_blank');\n\t\t\tlocation.href = target;\n\t\t\tevent.stopPropagation();\n\t\t}\n\t<\/script>\n\n\n\t\n\t\n\t\t\n\n\t\t\n\t\t\t<div class=\"course-item course-kachel dozent_13688 dozent_20259 thema_99 thema_4 thema_6 format_10 monat_2026_11 course-status-frei has-notice\">\n\t\t\n\t\t<!-- onclick=\"click_on_link(event, 'https:\/\/domicilium.de\/zen-spiritualitaet-bildung\/kurs\/bewusster-durch-das-leben-gehen-session-3-grundlagen-der-achtsamkeit-und-meditation-in-den-kategorien-buddhismus-meditation-persoenlichkeitsbildung-online-mit-dr-svea-von-hehn-und-moritz-birk-v26017-3\/')\" -->\n\n\t\t<div class=\"course-info-wrapper\">\n\t\t\t\n\t\t\t<div class=\"date-block\">\n\t\t\t\t<span class=\"month\">Nov<\/span>\n\t\t\t\t<span class=\"year\">2026<\/span>\n\t\t\t<\/div>\n\n\t\t\t<div class=\"date-range\">\n\t\t\t\t<span class=\"date-from\">Mo 23.11. &#8211;<\/span>\n\t\t\t\t<span class=\"date-to\">Mo 23.11.<\/span>\n\t\t\t\t<span class=\"course-number\">V26017-3<br>\n\t\t\t\t\t\t\t\t\t\t\t\t\t\t\t\t<span class=\"online\"><\/span>\n\t\t\t\t\t\t\t\t\t<\/span>\n\t\t\t<\/div>\n\n\t\t\t<div class=\"course-name-and-booking\">\n\t\t\t\t<h4 class=\"course-title\"><a href=\"https:\/\/domicilium.de\/zen-spiritualitaet-bildung\/kurs\/bewusster-durch-das-leben-gehen-session-3-grundlagen-der-achtsamkeit-und-meditation-in-den-kategorien-buddhismus-meditation-persoenlichkeitsbildung-online-mit-dr-svea-von-hehn-und-moritz-birk-v26017-3\/\">Bewusster durch das Leben gehen<\/a><\/h4>\n\t\t\t\t<h5 class=\"course-subtitle\"><a href=\"https:\/\/domicilium.de\/zen-spiritualitaet-bildung\/kurs\/bewusster-durch-das-leben-gehen-session-3-grundlagen-der-achtsamkeit-und-meditation-in-den-kategorien-buddhismus-meditation-persoenlichkeitsbildung-online-mit-dr-svea-von-hehn-und-moritz-birk-v26017-3\/\">Session 3 | Grundlagen der Achtsamkeit und Meditation<\/a><\/h5>\n\t\t\t\t<ul class=\"course-description\">\n\t\t\t\t\t<li>3 Online-Sessions zur Achtsamkeit mit Svea von Hehn und Moritz Birk<\/li>\n\t\t\t\t\t\t\t\t\t\t\t\t\t\t\t\t\t\t\t\t\t\t\t\t\t\n\t\t\t\t<\/ul>\t\t\t\t\n\t\t\t<\/div>\n\n\t\t\t<div class=\"course-trainers\">\n\t\t\t\t<div class=\"trainers\">\n\t\t<a onClick=\"click_on_link(event,'https:\/\/domicilium.de\/zen-spiritualitaet-bildung\/dozenten\/dr-svea-von-hehn\/')\" title=\"Dr. Svea von Hehn\"><img decoding=\"async\" src=\"https:\/\/domicilium.de\/zen-spiritualitaet-bildung\/wp-content\/uploads\/sites\/3\/2023\/11\/Svea_von_Hehn_Web_500x500px-150x150.jpg\" alt=\"Svea+von+Hehn\" \/><\/a><a onClick=\"click_on_link(event,'https:\/\/domicilium.de\/zen-spiritualitaet-bildung\/dozenten\/moritz-birk\/')\" title=\"Moritz Birk\"><img decoding=\"async\" src=\"https:\/\/domicilium.de\/zen-spiritualitaet-bildung\/wp-content\/uploads\/sites\/3\/2026\/04\/Moritz_Birk_Web_500x500px-150x150.jpg\" alt=\"Moritz+Birk\" \/><\/a>\t<\/div>\n\t<div class=\"trainer_names\">\n\t\t<a class=\"js_link\" onClick=\"click_on_link(event,'https:\/\/domicilium.de\/zen-spiritualitaet-bildung\/dozenten\/dr-svea-von-hehn\/')\" title=\"Dr. Svea von Hehn\">Dr. Svea von Hehn<\/a><br><a class=\"js_link\" onClick=\"click_on_link(event,'https:\/\/domicilium.de\/zen-spiritualitaet-bildung\/dozenten\/moritz-birk\/')\" title=\"Moritz Birk\">Moritz Birk<\/a><br>\t<\/div>\n\t\t\t<\/div>\n\n\t\t<\/div>\n\n\t\t<div class=\"attend-button-wrapper\" style=\"display: flex; flex-direction: row; align-items: center\">\n\t\t\t\t\t\t\t<div><a onClick=\"click_on_link(event,'https:\/\/domicilium.de\/zen-spiritualitaet-bildung\/kurs\/bewusster-durch-das-leben-gehen-session-3-grundlagen-der-achtsamkeit-und-meditation-in-den-kategorien-buddhismus-meditation-persoenlichkeitsbildung-online-mit-dr-svea-von-hehn-und-moritz-birk-v26017-3\/')\" class=\"btn attend\">Info<\/a><\/div> \n\t\t\t\t\n\t\t\t\t \n\t\t\t\t<div style=\"display:inline-block;\"><img decoding=\"async\" src=\"\/wp-content\/uploads\/sites\/3\/assets\/icon-online.svg\" alt=\"\" style=\"width:110px; padding:10px 0 0 10px;\"><\/div>  \n\t\t\t\t\n\t\t\t\t\t<\/div>\n\n\t\t\t\t<div class=\"course-notice dezent\">\n\t\t\t<span class=\"notice-icon\"><\/span>\n\t\t\t<span class=\"notice-text\">\n\t\t\t\t\t\t\t\t<p>Dieser Kurs findet in drei Online-Sessions statt. Session 1\u20133 k\u00f6nnen nur gemeinsam gebucht werden.<\/p>\n\t\t\t<\/span>\n\t\t<\/div>\n\t\t\n\t<\/div>\n\n\t<script>\n\t\tfunction click_on_link(event, target)\n\t\t{\n\t\t\t\/\/ window.open(target,'_blank');\n\t\t\tlocation.href = target;\n\t\t\tevent.stopPropagation();\n\t\t}\n\t<\/script>\n\n\n\t\n\t\n\t\t\n\n\t\t\n\t\t\t<div class=\"course-item course-kachel dozent_5626 thema_99 thema_4 thema_6 thema_102 format_11 format_97 monat_2026_12 course-status-frei \">\n\t\t\n\t\t<!-- onclick=\"click_on_link(event, 'https:\/\/domicilium.de\/zen-spiritualitaet-bildung\/kurs\/stille-und-verbundenheit-meditation-und-schweigen-in-den-kategorien-buddhismus-meditation-persoenlichkeitsbildung-vipassana-praesenz-sesshin-retreat-mit-richard-stiegler-bei-muenchen-in-bayern-in-sued\/')\" -->\n\n\t\t<div class=\"course-info-wrapper\">\n\t\t\t\n\t\t\t<div class=\"date-block\">\n\t\t\t\t<span class=\"month\">Dez<\/span>\n\t\t\t\t<span class=\"year\">2026<\/span>\n\t\t\t<\/div>\n\n\t\t\t<div class=\"date-range\">\n\t\t\t\t<span class=\"date-from\">Mi 02.12. &#8211;<\/span>\n\t\t\t\t<span class=\"date-to\">So 06.12.<\/span>\n\t\t\t\t<span class=\"course-number\">K2640<br>\n\t\t\t\t\t\t\t\t\t\t\t<span class=\"praesenz\"><\/span>\n\t\t\t\t\t\t<!-- <br>\n\t\t\t\t\t\t<img decoding=\"async\" src=\"\/wp-content\/uploads\/sites\/3\/assets\/icon-location-4.svg\" width=\"75\" alt=\"\"> -->\n\t\t\t\t\t\t\t\t\t\t\t\t\t\t<\/span>\n\t\t\t<\/div>\n\n\t\t\t<div class=\"course-name-and-booking\">\n\t\t\t\t<h4 class=\"course-title\"><a href=\"https:\/\/domicilium.de\/zen-spiritualitaet-bildung\/kurs\/stille-und-verbundenheit-meditation-und-schweigen-in-den-kategorien-buddhismus-meditation-persoenlichkeitsbildung-vipassana-praesenz-sesshin-retreat-mit-richard-stiegler-bei-muenchen-in-bayern-in-sued\/\">Stille und Verbundenheit<\/a><\/h4>\n\t\t\t\t<h5 class=\"course-subtitle\"><a href=\"https:\/\/domicilium.de\/zen-spiritualitaet-bildung\/kurs\/stille-und-verbundenheit-meditation-und-schweigen-in-den-kategorien-buddhismus-meditation-persoenlichkeitsbildung-vipassana-praesenz-sesshin-retreat-mit-richard-stiegler-bei-muenchen-in-bayern-in-sued\/\">Meditation und Schweigen<\/a><\/h5>\n\t\t\t\t<ul class=\"course-description\">\n\t\t\t\t\t<li>4 Tage Meditation mit Richard Stiegler<\/li>\n\t\t\t\t\t<li>Kursgeb&uuml;hr: 305\u00a0\u20ac <\/li>\t\t\t\t\t\t\t\t\t\t\t\t\t\t\t<li>Unterbringung\/Verpflegung: 236 &euro; bis 356 &euro;<\/li>\t\t\t\t\t\n\t\t\t\t<\/ul>\t\t\t\t\n\t\t\t<\/div>\n\n\t\t\t<div class=\"course-trainers\">\n\t\t\t\t<div class=\"trainers\">\n\t\t<a onClick=\"click_on_link(event,'https:\/\/domicilium.de\/zen-spiritualitaet-bildung\/dozenten\/richard-stiegler\/')\" title=\"Richard Stiegler\"><img decoding=\"async\" src=\"https:\/\/domicilium.de\/zen-spiritualitaet-bildung\/wp-content\/uploads\/sites\/3\/2022\/11\/Richard_Stiegler-150x150.jpg\" alt=\"Portr%C3%A4t+Richard+Stiegler\" \/><\/a>\t<\/div>\n\t<div class=\"trainer_names\">\n\t\t<a class=\"js_link\" onClick=\"click_on_link(event,'https:\/\/domicilium.de\/zen-spiritualitaet-bildung\/dozenten\/richard-stiegler\/')\" title=\"Richard Stiegler\">Richard Stiegler<\/a><br>\t<\/div>\n\t\t\t<\/div>\n\n\t\t<\/div>\n\n\t\t<div class=\"attend-button-wrapper\" style=\"display: flex; flex-direction: row; align-items: center\">\n\t\t\t\t\t\t\t<div><a onClick=\"click_on_link(event,'https:\/\/domicilium.de\/zen-spiritualitaet-bildung\/kurs\/stille-und-verbundenheit-meditation-und-schweigen-in-den-kategorien-buddhismus-meditation-persoenlichkeitsbildung-vipassana-praesenz-sesshin-retreat-mit-richard-stiegler-bei-muenchen-in-bayern-in-sued\/')\" class=\"btn attend\">Info &#038; Buchung<\/a><\/div> \n\t\t\t\t\n\t\t\t\t<div style=\"display:inline-block;\"><img decoding=\"async\" src=\"\/wp-content\/uploads\/sites\/3\/assets\/icon-location-7.svg\" alt=\"\" style=\"width:110px; padding:10px 0 0 10px;\"><\/div>  \n\t\t\t\t \n\t\t\t\t\n\t\t\t\t\t<\/div>\n\n\t\t\n\t<\/div>\n\n\t<script>\n\t\tfunction click_on_link(event, target)\n\t\t{\n\t\t\t\/\/ window.open(target,'_blank');\n\t\t\tlocation.href = target;\n\t\t\tevent.stopPropagation();\n\t\t}\n\t<\/script>\n\n\n\t\n\t\n\t\t\n\n\t\t\n\t\t\t<div class=\"course-item course-kachel dozent_5626 dozent_20263 thema_99 thema_4 thema_6 thema_102 format_10 format_97 monat_2026_12 course-status-frei \">\n\t\t\n\t\t<!-- onclick=\"click_on_link(event, 'https:\/\/domicilium.de\/zen-spiritualitaet-bildung\/kurs\/stille-und-verbundenheit-meditation-und-schweigen-im-eigenen-heim-in-den-kategorien-buddhismus-meditation-persoenlichkeitsbildung-vipassana-online-sesshin-retreat-mit-richard-stiegler-und-anja-kleer-v\/')\" -->\n\n\t\t<div class=\"course-info-wrapper\">\n\t\t\t\n\t\t\t<div class=\"date-block\">\n\t\t\t\t<span class=\"month\">Dez<\/span>\n\t\t\t\t<span class=\"year\">2026<\/span>\n\t\t\t<\/div>\n\n\t\t\t<div class=\"date-range\">\n\t\t\t\t<span class=\"date-from\">Mi 02.12. &#8211;<\/span>\n\t\t\t\t<span class=\"date-to\">So 06.12.<\/span>\n\t\t\t\t<span class=\"course-number\">V26002<br>\n\t\t\t\t\t\t\t\t\t\t\t\t\t\t\t\t<span class=\"online\"><\/span>\n\t\t\t\t\t\t\t\t\t<\/span>\n\t\t\t<\/div>\n\n\t\t\t<div class=\"course-name-and-booking\">\n\t\t\t\t<h4 class=\"course-title\"><a href=\"https:\/\/domicilium.de\/zen-spiritualitaet-bildung\/kurs\/stille-und-verbundenheit-meditation-und-schweigen-im-eigenen-heim-in-den-kategorien-buddhismus-meditation-persoenlichkeitsbildung-vipassana-online-sesshin-retreat-mit-richard-stiegler-und-anja-kleer-v\/\">Stille und Verbundenheit<\/a><\/h4>\n\t\t\t\t<h5 class=\"course-subtitle\"><a href=\"https:\/\/domicilium.de\/zen-spiritualitaet-bildung\/kurs\/stille-und-verbundenheit-meditation-und-schweigen-im-eigenen-heim-in-den-kategorien-buddhismus-meditation-persoenlichkeitsbildung-vipassana-online-sesshin-retreat-mit-richard-stiegler-und-anja-kleer-v\/\">Meditation und Schweigen im eigenen Heim<\/a><\/h5>\n\t\t\t\t<ul class=\"course-description\">\n\t\t\t\t\t<li>4 Tage Meditation mit Richard Stiegler und Ruth Bissinger<\/li>\n\t\t\t\t\t<li>Kursgeb&uuml;hr: 305\u00a0\u20ac <\/li>\t\t\t\t\t\t\t\t\t\t<li>Technikgeb&uuml;hr: 100 &euro;<\/li>\t\t\t\t\t\t\t\t\t\t\n\t\t\t\t<\/ul>\t\t\t\t\n\t\t\t<\/div>\n\n\t\t\t<div class=\"course-trainers\">\n\t\t\t\t<div class=\"trainers\">\n\t\t<a onClick=\"click_on_link(event,'https:\/\/domicilium.de\/zen-spiritualitaet-bildung\/dozenten\/richard-stiegler\/')\" title=\"Richard Stiegler\"><img decoding=\"async\" src=\"https:\/\/domicilium.de\/zen-spiritualitaet-bildung\/wp-content\/uploads\/sites\/3\/2022\/11\/Richard_Stiegler-150x150.jpg\" alt=\"Portr%C3%A4t+Richard+Stiegler\" \/><\/a><a onClick=\"click_on_link(event,'https:\/\/domicilium.de\/zen-spiritualitaet-bildung\/dozenten\/anja-kleer\/')\" title=\"Anja Kleer\"><img decoding=\"async\" src=\"https:\/\/domicilium.de\/zen-spiritualitaet-bildung\/wp-content\/uploads\/sites\/3\/2026\/04\/Anja_Kleer_Web_500x500px_2-150x150.jpg\" alt=\"Anja+Kleer\" \/><\/a>\t<\/div>\n\t<div class=\"trainer_names\">\n\t\t<a class=\"js_link\" onClick=\"click_on_link(event,'https:\/\/domicilium.de\/zen-spiritualitaet-bildung\/dozenten\/richard-stiegler\/')\" title=\"Richard Stiegler\">Richard Stiegler<\/a><br><a class=\"js_link\" onClick=\"click_on_link(event,'https:\/\/domicilium.de\/zen-spiritualitaet-bildung\/dozenten\/anja-kleer\/')\" title=\"Anja Kleer\">Anja Kleer<\/a><br>\t<\/div>\n\t\t\t<\/div>\n\n\t\t<\/div>\n\n\t\t<div class=\"attend-button-wrapper\" style=\"display: flex; flex-direction: row; align-items: center\">\n\t\t\t\t\t\t\t<div><a onClick=\"click_on_link(event,'https:\/\/domicilium.de\/zen-spiritualitaet-bildung\/kurs\/stille-und-verbundenheit-meditation-und-schweigen-im-eigenen-heim-in-den-kategorien-buddhismus-meditation-persoenlichkeitsbildung-vipassana-online-sesshin-retreat-mit-richard-stiegler-und-anja-kleer-v\/')\" class=\"btn attend\">Info &#038; Buchung<\/a><\/div> \n\t\t\t\t\n\t\t\t\t \n\t\t\t\t<div style=\"display:inline-block;\"><img decoding=\"async\" src=\"\/wp-content\/uploads\/sites\/3\/assets\/icon-online.svg\" alt=\"\" style=\"width:110px; padding:10px 0 0 10px;\"><\/div>  \n\t\t\t\t\n\t\t\t\t\t<\/div>\n\n\t\t\n\t<\/div>\n\n\t<script>\n\t\tfunction click_on_link(event, target)\n\t\t{\n\t\t\t\/\/ window.open(target,'_blank');\n\t\t\tlocation.href = target;\n\t\t\tevent.stopPropagation();\n\t\t}\n\t<\/script>\n\n\n\t\n\t\n\t\t\n\n\t\t\t\t\t\n\n\n\t\t\n\t<\/div> <!-- \/course-items -->\n\n\n\t\n<\/section>\n\t\t\t\t\t\t\t\t<\/div>\n\t\t\t\t<\/div>\n\t\t\t\t\t<\/div>\n\t\t<\/div>\n\t\t\t\t\t<\/div>\n\t\t<\/section>\n\t\t\t\t<\/div>\n\t\t","protected":false},"excerpt":{"rendered":"<p>Meditation &amp; Achtsamkeit Entdecken Sie unsere Meditations- und Achtsamkeitskurse Finden Sie Ihren Weg der Achtsamkeit und inneren Einkehr. Durch Meditation und Achtsamkeits\u00fcbungen nehmen Bewusstheit und Aufmerksamkeit zu, durchdringen immer mehr unser t\u00e4gliches Leben und verwandeln uns fast unmerklich. Veranstaltungen zu Meditation und Achtsamkeit<\/p>\n","protected":false},"author":5,"featured_media":0,"parent":7228,"menu_order":1,"comment_status":"closed","ping_status":"closed","template":"","meta":{"_acf_changed":false,"_mo_disable_npp":"","inline_featured_image":false,"_lmt_disableupdate":"","_lmt_disable":"","footnotes":""},"class_list":["post-10517","page","type-page","status-publish","hentry"],"acf":[],"yoast_head":"<!-- This site is optimized with the Yoast SEO plugin v27.3 - https:\/\/yoast.com\/product\/yoast-seo-wordpress\/ -->\n<title>Meditation &amp; Achtsamkeit - Zen, Spiritualit\u00e4t und Bildung \u00b7 Domicilium Weyarn<\/title>\n<meta name=\"description\" content=\"Finden Sie Ihren Weg der Achtsamkeit und inneren Einkehr und entdecken Sie die Meditations- und Achtsamkeitskurse des Domicilium.\" \/>\n<meta name=\"robots\" content=\"index, follow, max-snippet:-1, max-image-preview:large, max-video-preview:-1\" \/>\n<link rel=\"canonical\" href=\"https:\/\/domicilium.de\/zen-spiritualitaet-bildung\/kurse\/meditation-achtsamkeit\/\" \/>\n<meta property=\"og:locale\" content=\"de_DE\" \/>\n<meta property=\"og:type\" content=\"article\" \/>\n<meta property=\"og:title\" content=\"Meditation &amp; Achtsamkeit - Zen, Spiritualit\u00e4t und Bildung \u00b7 Domicilium Weyarn\" \/>\n<meta property=\"og:description\" content=\"Finden Sie Ihren Weg der Achtsamkeit und inneren Einkehr und entdecken Sie die Meditations- und Achtsamkeitskurse des Domicilium.\" \/>\n<meta property=\"og:url\" content=\"https:\/\/domicilium.de\/zen-spiritualitaet-bildung\/kurse\/meditation-achtsamkeit\/\" \/>\n<meta property=\"og:site_name\" content=\"Zen, Spiritualit\u00e4t und Bildung \u00b7 Domicilium Weyarn\" \/>\n<meta property=\"article:publisher\" content=\"https:\/\/www.facebook.com\/Domicilium.eV\" \/>\n<meta property=\"article:modified_time\" content=\"2026-02-18T12:29:32+00:00\" \/>\n<meta property=\"og:image\" content=\"https:\/\/domicilium.de\/zen-spiritualitaet-bildung\/wp-content\/uploads\/sites\/3\/2023\/04\/Domicilium-Kurse-Logo-RGB.png\" \/>\n\t<meta property=\"og:image:width\" content=\"716\" \/>\n\t<meta property=\"og:image:height\" content=\"247\" \/>\n\t<meta property=\"og:image:type\" content=\"image\/png\" \/>\n<meta name=\"twitter:card\" content=\"summary_large_image\" \/>\n<meta name=\"twitter:label1\" content=\"Gesch\u00e4tzte Lesezeit\" \/>\n\t<meta name=\"twitter:data1\" content=\"10\u00a0Minuten\" \/>\n<script type=\"application\/ld+json\" class=\"yoast-schema-graph\">{\"@context\":\"https:\\\/\\\/schema.org\",\"@graph\":[{\"@type\":\"WebPage\",\"@id\":\"https:\\\/\\\/domicilium.de\\\/zen-spiritualitaet-bildung\\\/kurse\\\/meditation-achtsamkeit\\\/\",\"url\":\"https:\\\/\\\/domicilium.de\\\/zen-spiritualitaet-bildung\\\/kurse\\\/meditation-achtsamkeit\\\/\",\"name\":\"Meditation &amp; Achtsamkeit - Zen, Spiritualit\u00e4t und Bildung \u00b7 Domicilium Weyarn\",\"isPartOf\":{\"@id\":\"https:\\\/\\\/domicilium.de\\\/zen-spiritualitaet-bildung\\\/#website\"},\"primaryImageOfPage\":{\"@id\":\"https:\\\/\\\/domicilium.de\\\/zen-spiritualitaet-bildung\\\/kurse\\\/meditation-achtsamkeit\\\/#primaryimage\"},\"image\":{\"@id\":\"https:\\\/\\\/domicilium.de\\\/zen-spiritualitaet-bildung\\\/kurse\\\/meditation-achtsamkeit\\\/#primaryimage\"},\"thumbnailUrl\":\"https:\\\/\\\/domicilium.de\\\/zen-spiritualitaet-bildung\\\/wp-content\\\/uploads\\\/sites\\\/3\\\/2023\\\/04\\\/Domicilium-Kurse-Logo-RGB.png\",\"datePublished\":\"2023-05-31T10:13:52+00:00\",\"dateModified\":\"2026-02-18T12:29:32+00:00\",\"description\":\"Finden Sie Ihren Weg der Achtsamkeit und inneren Einkehr und entdecken Sie die Meditations- und Achtsamkeitskurse des Domicilium.\",\"breadcrumb\":{\"@id\":\"https:\\\/\\\/domicilium.de\\\/zen-spiritualitaet-bildung\\\/kurse\\\/meditation-achtsamkeit\\\/#breadcrumb\"},\"inLanguage\":\"de\",\"potentialAction\":[{\"@type\":\"ReadAction\",\"target\":[\"https:\\\/\\\/domicilium.de\\\/zen-spiritualitaet-bildung\\\/kurse\\\/meditation-achtsamkeit\\\/\"]}]},{\"@type\":\"ImageObject\",\"inLanguage\":\"de\",\"@id\":\"https:\\\/\\\/domicilium.de\\\/zen-spiritualitaet-bildung\\\/kurse\\\/meditation-achtsamkeit\\\/#primaryimage\",\"url\":\"https:\\\/\\\/domicilium.de\\\/zen-spiritualitaet-bildung\\\/wp-content\\\/uploads\\\/sites\\\/3\\\/2023\\\/04\\\/Domicilium-Kurse-Logo-RGB.png\",\"contentUrl\":\"https:\\\/\\\/domicilium.de\\\/zen-spiritualitaet-bildung\\\/wp-content\\\/uploads\\\/sites\\\/3\\\/2023\\\/04\\\/Domicilium-Kurse-Logo-RGB.png\",\"width\":716,\"height\":247,\"caption\":\"Logo Domicilium Kurse Raum f\u00fcr Inspiration und Stille\"},{\"@type\":\"BreadcrumbList\",\"@id\":\"https:\\\/\\\/domicilium.de\\\/zen-spiritualitaet-bildung\\\/kurse\\\/meditation-achtsamkeit\\\/#breadcrumb\",\"itemListElement\":[{\"@type\":\"ListItem\",\"position\":1,\"name\":\"Startseite\",\"item\":\"https:\\\/\\\/domicilium.de\\\/zen-spiritualitaet-bildung\\\/\"},{\"@type\":\"ListItem\",\"position\":2,\"name\":\"Kurse\",\"item\":\"https:\\\/\\\/domicilium.de\\\/zen-spiritualitaet-bildung\\\/kurse\\\/\"},{\"@type\":\"ListItem\",\"position\":3,\"name\":\"Meditation &amp; Achtsamkeit\"}]},{\"@type\":\"WebSite\",\"@id\":\"https:\\\/\\\/domicilium.de\\\/zen-spiritualitaet-bildung\\\/#website\",\"url\":\"https:\\\/\\\/domicilium.de\\\/zen-spiritualitaet-bildung\\\/\",\"name\":\"Zen, Spiritualit\u00e4t und Bildung \u00b7 Domicilium Weyarn\",\"description\":\"Kursangebote und Buchungsoptionen f\u00fcr unsere Kurse\",\"publisher\":{\"@id\":\"https:\\\/\\\/domicilium.de\\\/zen-spiritualitaet-bildung\\\/#organization\"},\"potentialAction\":[{\"@type\":\"SearchAction\",\"target\":{\"@type\":\"EntryPoint\",\"urlTemplate\":\"https:\\\/\\\/domicilium.de\\\/zen-spiritualitaet-bildung\\\/?s={search_term_string}\"},\"query-input\":{\"@type\":\"PropertyValueSpecification\",\"valueRequired\":true,\"valueName\":\"search_term_string\"}}],\"inLanguage\":\"de\"},{\"@type\":\"Organization\",\"@id\":\"https:\\\/\\\/domicilium.de\\\/zen-spiritualitaet-bildung\\\/#organization\",\"name\":\"Domicilium Weyarn\",\"url\":\"https:\\\/\\\/domicilium.de\\\/zen-spiritualitaet-bildung\\\/\",\"logo\":{\"@type\":\"ImageObject\",\"inLanguage\":\"de\",\"@id\":\"https:\\\/\\\/domicilium.de\\\/zen-spiritualitaet-bildung\\\/#\\\/schema\\\/logo\\\/image\\\/\",\"url\":\"https:\\\/\\\/domicilium.de\\\/zen-spiritualitaet-bildung\\\/wp-content\\\/uploads\\\/sites\\\/3\\\/2023\\\/05\\\/domicilium-zentrum-fuer-zen-spiritualitaet-und-bildung-logo.png\",\"contentUrl\":\"https:\\\/\\\/domicilium.de\\\/zen-spiritualitaet-bildung\\\/wp-content\\\/uploads\\\/sites\\\/3\\\/2023\\\/05\\\/domicilium-zentrum-fuer-zen-spiritualitaet-und-bildung-logo.png\",\"width\":805,\"height\":183,\"caption\":\"Domicilium Weyarn\"},\"image\":{\"@id\":\"https:\\\/\\\/domicilium.de\\\/zen-spiritualitaet-bildung\\\/#\\\/schema\\\/logo\\\/image\\\/\"},\"sameAs\":[\"https:\\\/\\\/www.facebook.com\\\/Domicilium.eV\",\"https:\\\/\\\/www.instagram.com\\\/domicilium_weyarn\\\/\"]}]}<\/script>\n<!-- \/ Yoast SEO plugin. -->","yoast_head_json":{"title":"Meditation &amp; Achtsamkeit - Zen, Spiritualit\u00e4t und Bildung \u00b7 Domicilium Weyarn","description":"Finden Sie Ihren Weg der Achtsamkeit und inneren Einkehr und entdecken Sie die Meditations- und Achtsamkeitskurse des Domicilium.","robots":{"index":"index","follow":"follow","max-snippet":"max-snippet:-1","max-image-preview":"max-image-preview:large","max-video-preview":"max-video-preview:-1"},"canonical":"https:\/\/domicilium.de\/zen-spiritualitaet-bildung\/kurse\/meditation-achtsamkeit\/","og_locale":"de_DE","og_type":"article","og_title":"Meditation &amp; Achtsamkeit - Zen, Spiritualit\u00e4t und Bildung \u00b7 Domicilium Weyarn","og_description":"Finden Sie Ihren Weg der Achtsamkeit und inneren Einkehr und entdecken Sie die Meditations- und Achtsamkeitskurse des Domicilium.","og_url":"https:\/\/domicilium.de\/zen-spiritualitaet-bildung\/kurse\/meditation-achtsamkeit\/","og_site_name":"Zen, Spiritualit\u00e4t und Bildung \u00b7 Domicilium Weyarn","article_publisher":"https:\/\/www.facebook.com\/Domicilium.eV","article_modified_time":"2026-02-18T12:29:32+00:00","og_image":[{"width":716,"height":247,"url":"https:\/\/domicilium.de\/zen-spiritualitaet-bildung\/wp-content\/uploads\/sites\/3\/2023\/04\/Domicilium-Kurse-Logo-RGB.png","type":"image\/png"}],"twitter_card":"summary_large_image","twitter_misc":{"Gesch\u00e4tzte Lesezeit":"10\u00a0Minuten"},"schema":{"@context":"https:\/\/schema.org","@graph":[{"@type":"WebPage","@id":"https:\/\/domicilium.de\/zen-spiritualitaet-bildung\/kurse\/meditation-achtsamkeit\/","url":"https:\/\/domicilium.de\/zen-spiritualitaet-bildung\/kurse\/meditation-achtsamkeit\/","name":"Meditation &amp; Achtsamkeit - Zen, Spiritualit\u00e4t und Bildung \u00b7 Domicilium Weyarn","isPartOf":{"@id":"https:\/\/domicilium.de\/zen-spiritualitaet-bildung\/#website"},"primaryImageOfPage":{"@id":"https:\/\/domicilium.de\/zen-spiritualitaet-bildung\/kurse\/meditation-achtsamkeit\/#primaryimage"},"image":{"@id":"https:\/\/domicilium.de\/zen-spiritualitaet-bildung\/kurse\/meditation-achtsamkeit\/#primaryimage"},"thumbnailUrl":"https:\/\/domicilium.de\/zen-spiritualitaet-bildung\/wp-content\/uploads\/sites\/3\/2023\/04\/Domicilium-Kurse-Logo-RGB.png","datePublished":"2023-05-31T10:13:52+00:00","dateModified":"2026-02-18T12:29:32+00:00","description":"Finden Sie Ihren Weg der Achtsamkeit und inneren Einkehr und entdecken Sie die Meditations- und Achtsamkeitskurse des Domicilium.","breadcrumb":{"@id":"https:\/\/domicilium.de\/zen-spiritualitaet-bildung\/kurse\/meditation-achtsamkeit\/#breadcrumb"},"inLanguage":"de","potentialAction":[{"@type":"ReadAction","target":["https:\/\/domicilium.de\/zen-spiritualitaet-bildung\/kurse\/meditation-achtsamkeit\/"]}]},{"@type":"ImageObject","inLanguage":"de","@id":"https:\/\/domicilium.de\/zen-spiritualitaet-bildung\/kurse\/meditation-achtsamkeit\/#primaryimage","url":"https:\/\/domicilium.de\/zen-spiritualitaet-bildung\/wp-content\/uploads\/sites\/3\/2023\/04\/Domicilium-Kurse-Logo-RGB.png","contentUrl":"https:\/\/domicilium.de\/zen-spiritualitaet-bildung\/wp-content\/uploads\/sites\/3\/2023\/04\/Domicilium-Kurse-Logo-RGB.png","width":716,"height":247,"caption":"Logo Domicilium Kurse Raum f\u00fcr Inspiration und Stille"},{"@type":"BreadcrumbList","@id":"https:\/\/domicilium.de\/zen-spiritualitaet-bildung\/kurse\/meditation-achtsamkeit\/#breadcrumb","itemListElement":[{"@type":"ListItem","position":1,"name":"Startseite","item":"https:\/\/domicilium.de\/zen-spiritualitaet-bildung\/"},{"@type":"ListItem","position":2,"name":"Kurse","item":"https:\/\/domicilium.de\/zen-spiritualitaet-bildung\/kurse\/"},{"@type":"ListItem","position":3,"name":"Meditation &amp; Achtsamkeit"}]},{"@type":"WebSite","@id":"https:\/\/domicilium.de\/zen-spiritualitaet-bildung\/#website","url":"https:\/\/domicilium.de\/zen-spiritualitaet-bildung\/","name":"Zen, Spiritualit\u00e4t und Bildung \u00b7 Domicilium Weyarn","description":"Kursangebote und Buchungsoptionen f\u00fcr unsere Kurse","publisher":{"@id":"https:\/\/domicilium.de\/zen-spiritualitaet-bildung\/#organization"},"potentialAction":[{"@type":"SearchAction","target":{"@type":"EntryPoint","urlTemplate":"https:\/\/domicilium.de\/zen-spiritualitaet-bildung\/?s={search_term_string}"},"query-input":{"@type":"PropertyValueSpecification","valueRequired":true,"valueName":"search_term_string"}}],"inLanguage":"de"},{"@type":"Organization","@id":"https:\/\/domicilium.de\/zen-spiritualitaet-bildung\/#organization","name":"Domicilium Weyarn","url":"https:\/\/domicilium.de\/zen-spiritualitaet-bildung\/","logo":{"@type":"ImageObject","inLanguage":"de","@id":"https:\/\/domicilium.de\/zen-spiritualitaet-bildung\/#\/schema\/logo\/image\/","url":"https:\/\/domicilium.de\/zen-spiritualitaet-bildung\/wp-content\/uploads\/sites\/3\/2023\/05\/domicilium-zentrum-fuer-zen-spiritualitaet-und-bildung-logo.png","contentUrl":"https:\/\/domicilium.de\/zen-spiritualitaet-bildung\/wp-content\/uploads\/sites\/3\/2023\/05\/domicilium-zentrum-fuer-zen-spiritualitaet-und-bildung-logo.png","width":805,"height":183,"caption":"Domicilium Weyarn"},"image":{"@id":"https:\/\/domicilium.de\/zen-spiritualitaet-bildung\/#\/schema\/logo\/image\/"},"sameAs":["https:\/\/www.facebook.com\/Domicilium.eV","https:\/\/www.instagram.com\/domicilium_weyarn\/"]}]}},"_links":{"self":[{"href":"https:\/\/domicilium.de\/zen-spiritualitaet-bildung\/wp-json\/wp\/v2\/pages\/10517","targetHints":{"allow":["GET"]}}],"collection":[{"href":"https:\/\/domicilium.de\/zen-spiritualitaet-bildung\/wp-json\/wp\/v2\/pages"}],"about":[{"href":"https:\/\/domicilium.de\/zen-spiritualitaet-bildung\/wp-json\/wp\/v2\/types\/page"}],"author":[{"embeddable":true,"href":"https:\/\/domicilium.de\/zen-spiritualitaet-bildung\/wp-json\/wp\/v2\/users\/5"}],"replies":[{"embeddable":true,"href":"https:\/\/domicilium.de\/zen-spiritualitaet-bildung\/wp-json\/wp\/v2\/comments?post=10517"}],"version-history":[{"count":23,"href":"https:\/\/domicilium.de\/zen-spiritualitaet-bildung\/wp-json\/wp\/v2\/pages\/10517\/revisions"}],"predecessor-version":[{"id":19767,"href":"https:\/\/domicilium.de\/zen-spiritualitaet-bildung\/wp-json\/wp\/v2\/pages\/10517\/revisions\/19767"}],"up":[{"embeddable":true,"href":"https:\/\/domicilium.de\/zen-spiritualitaet-bildung\/wp-json\/wp\/v2\/pages\/7228"}],"wp:attachment":[{"href":"https:\/\/domicilium.de\/zen-spiritualitaet-bildung\/wp-json\/wp\/v2\/media?parent=10517"}],"curies":[{"name":"wp","href":"https:\/\/api.w.org\/{rel}","templated":true}]}}