{"id":1090,"date":"2024-10-30T11:35:22","date_gmt":"2024-10-30T10:35:22","guid":{"rendered":"https:\/\/domicilium.de\/hospiz-gemeinschaft\/?page_id=1090"},"modified":"2026-04-20T15:56:38","modified_gmt":"2026-04-20T13:56:38","slug":"kontakt","status":"publish","type":"page","link":"https:\/\/domicilium.de\/hospiz-gemeinschaft\/kontakt\/","title":{"rendered":"Kontakt"},"content":{"rendered":"\t\t<div data-elementor-type=\"wp-page\" data-elementor-id=\"1090\" class=\"elementor elementor-1090\" data-elementor-post-type=\"page\">\n\t\t\t\t<div class=\"elementor-element elementor-element-8a52664 e-flex e-con-boxed e-con e-parent\" data-id=\"8a52664\" data-element_type=\"container\" id=\"ihr-weg-zu-uns\" data-settings=\"{&quot;background_background&quot;:&quot;classic&quot;}\">\n\t\t\t\t\t<div class=\"e-con-inner\">\n\t\t\t\t<div class=\"elementor-element elementor-element-3f560d9 elementor-hidden-desktop elementor-hidden-tablet elementor-widget elementor-widget-image\" data-id=\"3f560d9\" data-element_type=\"widget\" data-widget_type=\"image.default\">\n\t\t\t\t<div class=\"elementor-widget-container\">\n\t\t\t\t\t\t\t\t\t\t\t\t\t\t\t\t<a href=\"https:\/\/domicilium.de\/hospiz-gemeinschaft\">\n\t\t\t\t\t\t\t<img fetchpriority=\"high\" decoding=\"async\" width=\"800\" height=\"114\" src=\"https:\/\/domicilium.de\/hospiz-gemeinschaft\/wp-content\/uploads\/sites\/7\/2024\/10\/logo-domicilium-hospizgemeinschaft.png\" class=\"attachment-large size-large wp-image-1099\" alt=\"\" srcset=\"https:\/\/domicilium.de\/hospiz-gemeinschaft\/wp-content\/uploads\/sites\/7\/2024\/10\/logo-domicilium-hospizgemeinschaft.png 841w, https:\/\/domicilium.de\/hospiz-gemeinschaft\/wp-content\/uploads\/sites\/7\/2024\/10\/logo-domicilium-hospizgemeinschaft-300x43.png 300w, https:\/\/domicilium.de\/hospiz-gemeinschaft\/wp-content\/uploads\/sites\/7\/2024\/10\/logo-domicilium-hospizgemeinschaft-768x110.png 768w\" sizes=\"(max-width: 800px) 100vw, 800px\" \/>\t\t\t\t\t\t\t\t<\/a>\n\t\t\t\t\t\t\t\t\t\t\t\t\t\t\t<\/div>\n\t\t\t\t<\/div>\n\t\t\t\t<div class=\"elementor-element elementor-element-8a2ddb2 elementor-widget elementor-widget-heading\" data-id=\"8a2ddb2\" data-element_type=\"widget\" data-widget_type=\"heading.default\">\n\t\t\t\t<div class=\"elementor-widget-container\">\n\t\t\t\t\t<h2 class=\"elementor-heading-title elementor-size-default\">Kontakt<\/h2>\t\t\t\t<\/div>\n\t\t\t\t<\/div>\n\t\t\t\t<div class=\"elementor-element elementor-element-781551f elementor-widget elementor-widget-image\" data-id=\"781551f\" data-element_type=\"widget\" data-widget_type=\"image.default\">\n\t\t\t\t<div class=\"elementor-widget-container\">\n\t\t\t\t\t\t\t\t\t\t\t\t\t\t\t<img decoding=\"async\" width=\"800\" height=\"56\" src=\"https:\/\/domicilium.de\/hospiz-gemeinschaft\/wp-content\/uploads\/sites\/7\/2024\/09\/trenner-3-1024x72.png\" class=\"attachment-large size-large wp-image-253\" alt=\"\" srcset=\"https:\/\/domicilium.de\/hospiz-gemeinschaft\/wp-content\/uploads\/sites\/7\/2024\/09\/trenner-3-1024x72.png 1024w, https:\/\/domicilium.de\/hospiz-gemeinschaft\/wp-content\/uploads\/sites\/7\/2024\/09\/trenner-3-300x21.png 300w, https:\/\/domicilium.de\/hospiz-gemeinschaft\/wp-content\/uploads\/sites\/7\/2024\/09\/trenner-3-768x54.png 768w, https:\/\/domicilium.de\/hospiz-gemeinschaft\/wp-content\/uploads\/sites\/7\/2024\/09\/trenner-3-1536x107.png 1536w, https:\/\/domicilium.de\/hospiz-gemeinschaft\/wp-content\/uploads\/sites\/7\/2024\/09\/trenner-3-2048x143.png 2048w\" sizes=\"(max-width: 800px) 100vw, 800px\" \/>\t\t\t\t\t\t\t\t\t\t\t\t\t\t\t<\/div>\n\t\t\t\t<\/div>\n\t\t\t\t<div class=\"elementor-element elementor-element-a792d00 elementor-widget elementor-widget-heading\" data-id=\"a792d00\" data-element_type=\"widget\" data-widget_type=\"heading.default\">\n\t\t\t\t<div class=\"elementor-widget-container\">\n\t\t\t\t\t<h3 class=\"elementor-heading-title elementor-size-default\">Ihre Ansprechpartnerin f\u00fcr alle  Fragen<\/h3>\t\t\t\t<\/div>\n\t\t\t\t<\/div>\n\t\t<div class=\"elementor-element elementor-element-e2adce0 e-flex e-con-boxed e-con e-child\" data-id=\"e2adce0\" data-element_type=\"container\" data-settings=\"{&quot;background_background&quot;:&quot;classic&quot;}\">\n\t\t\t\t\t<div class=\"e-con-inner\">\n\t\t<div class=\"elementor-element elementor-element-1a98d53 e-con-full e-flex e-con e-child\" data-id=\"1a98d53\" data-element_type=\"container\">\n\t\t\t\t<div class=\"elementor-element elementor-element-2bfdd10 elementor-widget elementor-widget-image\" data-id=\"2bfdd10\" data-element_type=\"widget\" data-widget_type=\"image.default\">\n\t\t\t\t<div class=\"elementor-widget-container\">\n\t\t\t\t\t\t\t\t\t\t\t\t\t\t\t<img decoding=\"async\" width=\"424\" height=\"424\" src=\"https:\/\/domicilium.de\/hospiz-gemeinschaft\/wp-content\/uploads\/sites\/7\/2024\/09\/domicilium-hospiz-miriam-fenske-portrait-rund-1.png\" class=\"attachment-large size-large wp-image-376\" alt=\"\" srcset=\"https:\/\/domicilium.de\/hospiz-gemeinschaft\/wp-content\/uploads\/sites\/7\/2024\/09\/domicilium-hospiz-miriam-fenske-portrait-rund-1.png 424w, https:\/\/domicilium.de\/hospiz-gemeinschaft\/wp-content\/uploads\/sites\/7\/2024\/09\/domicilium-hospiz-miriam-fenske-portrait-rund-1-300x300.png 300w, https:\/\/domicilium.de\/hospiz-gemeinschaft\/wp-content\/uploads\/sites\/7\/2024\/09\/domicilium-hospiz-miriam-fenske-portrait-rund-1-150x150.png 150w\" sizes=\"(max-width: 424px) 100vw, 424px\" \/>\t\t\t\t\t\t\t\t\t\t\t\t\t\t\t<\/div>\n\t\t\t\t<\/div>\n\t\t\t\t<\/div>\n\t\t<div class=\"elementor-element elementor-element-ec4d560 e-con-full e-flex e-con e-child\" data-id=\"ec4d560\" data-element_type=\"container\">\n\t\t\t\t<div class=\"elementor-element elementor-element-13a28f5 elementor-widget elementor-widget-text-editor\" data-id=\"13a28f5\" data-element_type=\"widget\" data-widget_type=\"text-editor.default\">\n\t\t\t\t<div class=\"elementor-widget-container\">\n\t\t\t\t\t\t\t\t\t<h3 class=\"p1\"><span class=\"s1\">Miriam Fenske<\/span><\/h3><p>Leiterin der Hospiz-Gemeinschaft<\/p><p class=\"p1\"><span class=\"s1\">Tel: 08020 90 48 36<br \/>Fax: 08020 90 48 54<br \/><\/span><span class=\"s1\">E-Mail: <a href=\"mailto:hospiz-gemeinschaft@domicilium.de\">hospiz-gemeinschaft@domicilium.de<\/a><\/span><\/p>\t\t\t\t\t\t\t\t<\/div>\n\t\t\t\t<\/div>\n\t\t\t\t<\/div>\n\t\t\t\t\t<\/div>\n\t\t\t\t<\/div>\n\t\t\t\t<div class=\"elementor-element elementor-element-9421937 elementor-widget elementor-widget-heading\" data-id=\"9421937\" data-element_type=\"widget\" data-widget_type=\"heading.default\">\n\t\t\t\t<div class=\"elementor-widget-container\">\n\t\t\t\t\t<h3 class=\"elementor-heading-title elementor-size-default\">Wo Sie uns finden?<\/h3>\t\t\t\t<\/div>\n\t\t\t\t<\/div>\n\t\t\t\t<div class=\"elementor-element elementor-element-e3c4796 elementor-widget elementor-widget-image\" data-id=\"e3c4796\" data-element_type=\"widget\" data-widget_type=\"image.default\">\n\t\t\t\t<div class=\"elementor-widget-container\">\n\t\t\t\t\t\t\t\t\t\t\t\t\t\t\t<img decoding=\"async\" width=\"800\" height=\"56\" src=\"https:\/\/domicilium.de\/hospiz-gemeinschaft\/wp-content\/uploads\/sites\/7\/2024\/09\/trenner-3-1024x72.png\" class=\"attachment-large size-large wp-image-253\" alt=\"\" srcset=\"https:\/\/domicilium.de\/hospiz-gemeinschaft\/wp-content\/uploads\/sites\/7\/2024\/09\/trenner-3-1024x72.png 1024w, https:\/\/domicilium.de\/hospiz-gemeinschaft\/wp-content\/uploads\/sites\/7\/2024\/09\/trenner-3-300x21.png 300w, https:\/\/domicilium.de\/hospiz-gemeinschaft\/wp-content\/uploads\/sites\/7\/2024\/09\/trenner-3-768x54.png 768w, https:\/\/domicilium.de\/hospiz-gemeinschaft\/wp-content\/uploads\/sites\/7\/2024\/09\/trenner-3-1536x107.png 1536w, https:\/\/domicilium.de\/hospiz-gemeinschaft\/wp-content\/uploads\/sites\/7\/2024\/09\/trenner-3-2048x143.png 2048w\" sizes=\"(max-width: 800px) 100vw, 800px\" \/>\t\t\t\t\t\t\t\t\t\t\t\t\t\t\t<\/div>\n\t\t\t\t<\/div>\n\t\t\t\t<div class=\"elementor-element elementor-element-d1724e5 elementor-widget elementor-widget-text-editor\" data-id=\"d1724e5\" data-element_type=\"widget\" data-widget_type=\"text-editor.default\">\n\t\t\t\t<div class=\"elementor-widget-container\">\n\t\t\t\t\t\t\t\t\t<p>Die Domicilium Hospiz-Gemeinschaft liegt am Hochufer der Mangfall in direkter Waldlage am Fu\u00dfe des Klosterdorfs Weyarn etwa 30 km s\u00fcdlich von M\u00fcnchen an der Autobahn A8, Abfahrt 98\/Weyarn.<\/p><p>Wir liegen im Landkreis Miesbach in der N\u00e4he von M\u00fcnchen, umringt von den drei St\u00e4dten Miesbach, Holzkirchen und Feldkirchen-Westerham.<\/p>\t\t\t\t\t\t\t\t<\/div>\n\t\t\t\t<\/div>\n\t\t<div class=\"elementor-element elementor-element-90d738c e-flex e-con-boxed e-con e-child\" data-id=\"90d738c\" data-element_type=\"container\" data-settings=\"{&quot;background_background&quot;:&quot;classic&quot;}\">\n\t\t\t\t\t<div class=\"e-con-inner\">\n\t\t<div class=\"elementor-element elementor-element-dc74129 e-con-full e-flex e-con e-child\" data-id=\"dc74129\" data-element_type=\"container\">\n\t\t\t\t<div class=\"elementor-element elementor-element-b0467f3 elementor-widget elementor-widget-text-editor\" data-id=\"b0467f3\" data-element_type=\"widget\" data-widget_type=\"text-editor.default\">\n\t\t\t\t<div class=\"elementor-widget-container\">\n\t\t\t\t\t\t\t\t\t<p class=\"p1\"><span class=\"s1\"><strong>Domicilium Hospiz-Gemeinschaft<\/strong><br \/><\/span><span class=\"s1\">Holzkirchener Str. 3a<br \/><\/span><span class=\"s1\">83629 Weyarn<\/span><\/p>\t\t\t\t\t\t\t\t<\/div>\n\t\t\t\t<\/div>\n\t\t\t\t<div class=\"elementor-element elementor-element-e67e368 elementor-widget elementor-widget-google_maps\" data-id=\"e67e368\" data-element_type=\"widget\" data-widget_type=\"google_maps.default\">\n\t\t\t\t<div class=\"elementor-widget-container\">\n\t\t\t\t\t\t\t<div class=\"elementor-custom-embed\">\n\t\t\t<div class=\"BorlabsCookie _brlbs-cb-googlemaps\"><div class=\"_brlbs-content-blocker\"> <div class=\"_brlbs-embed _brlbs-google-maps\"> <img decoding=\"async\" class=\"_brlbs-thumbnail\" src=\"https:\/\/domicilium.de\/hospiz-gemeinschaft\/wp-content\/plugins\/borlabs-cookie\/assets\/images\/cb-maps.png\" alt=\"Google Maps\"> <div class=\"_brlbs-caption\"> <p>Mit dem Laden der Karte akzeptieren Sie die Datenschutzerkl\u00e4rung von Google.<br><a href=\"https:\/\/policies.google.com\/privacy\" target=\"_blank\" rel=\"nofollow noopener noreferrer\">Mehr erfahren<\/a><\/p> <p><a class=\"_brlbs-btn\" href=\"#\" data-borlabs-cookie-unblock role=\"button\">Karte laden<\/a><\/p> <p><label><input type=\"checkbox\" name=\"unblockAll\" value=\"1\" checked> <small>Google Maps immer entsperren<\/small><\/label><\/p> <\/div> <\/div> <\/div><div class=\"borlabs-hide\" data-borlabs-cookie-type=\"content-blocker\" data-borlabs-cookie-id=\"googlemaps\"><script type=\"text\/template\">PGlmcmFtZSBsb2FkaW5nPSJsYXp5IgoJCQkJCXNyYz0iaHR0cHM6Ly9tYXBzLmdvb2dsZS5jb20vbWFwcz9xPUhvbHpraXJjaGVuZXIlMjBTdHIuJTIwMyUyQyUyMDgzNjI5JTIwV2V5YXJuJiMwMzg7dD1tJiMwMzg7ej0xMCYjMDM4O291dHB1dD1lbWJlZCYjMDM4O2l3bG9jPW5lYXIiCgkJCQkJdGl0bGU9IkhvbHpraXJjaGVuZXIgU3RyLiAzLCA4MzYyOSBXZXlhcm4iCgkJCQkJYXJpYS1sYWJlbD0iSG9semtpcmNoZW5lciBTdHIuIDMsIDgzNjI5IFdleWFybiIKCQkJPjwvaWZyYW1lPg==<\/script><\/div><\/div>\n\t\t<\/div>\n\t\t\t\t\t\t<\/div>\n\t\t\t\t<\/div>\n\t\t\t\t<\/div>\n\t\t\t\t\t<\/div>\n\t\t\t\t<\/div>\n\t\t\t\t<div class=\"elementor-element elementor-element-2f9530e elementor-widget-divider--view-line elementor-widget elementor-widget-divider\" data-id=\"2f9530e\" data-element_type=\"widget\" data-widget_type=\"divider.default\">\n\t\t\t\t<div class=\"elementor-widget-container\">\n\t\t\t\t\t\t\t<div class=\"elementor-divider\">\n\t\t\t<span class=\"elementor-divider-separator\">\n\t\t\t\t\t\t<\/span>\n\t\t<\/div>\n\t\t\t\t\t\t<\/div>\n\t\t\t\t<\/div>\n\t\t\t\t\t<\/div>\n\t\t\t\t<\/div>\n\t\t\t\t<\/div>\n\t\t","protected":false},"excerpt":{"rendered":"<p>Kontakt Ihre Ansprechpartnerin f\u00fcr alle Fragen Miriam Fenske Leiterin der Hospiz-Gemeinschaft Tel: 08020 90 48 36Fax: 08020 90 48 54E-Mail: hospiz-gemeinschaft@domicilium.de Wo Sie uns finden? Die Domicilium Hospiz-Gemeinschaft liegt am Hochufer der Mangfall in direkter Waldlage am Fu\u00dfe des Klosterdorfs Weyarn etwa 30 km s\u00fcdlich von M\u00fcnchen an der Autobahn A8, Abfahrt 98\/Weyarn. Wir liegen [&hellip;]<\/p>\n","protected":false},"author":3,"featured_media":0,"parent":0,"menu_order":9,"comment_status":"closed","ping_status":"closed","template":"elementor_header_footer","meta":{"_acf_changed":false,"_mo_disable_npp":"","inline_featured_image":false,"_lmt_disableupdate":"no","_lmt_disable":"","footnotes":""},"class_list":["post-1090","page","type-page","status-publish","hentry"],"acf":[],"yoast_head":"<!-- This site is optimized with the Yoast SEO plugin v27.3 - https:\/\/yoast.com\/product\/yoast-seo-wordpress\/ -->\n<title>Kontakt - Domicilium Hospiz-Gemeinschaft<\/title>\n<meta name=\"robots\" content=\"index, follow, max-snippet:-1, max-image-preview:large, max-video-preview:-1\" \/>\n<link rel=\"canonical\" href=\"https:\/\/domicilium.de\/hospiz-gemeinschaft\/kontakt\/\" \/>\n<meta property=\"og:locale\" content=\"de_DE\" \/>\n<meta property=\"og:type\" content=\"article\" \/>\n<meta property=\"og:title\" content=\"Kontakt - Domicilium Hospiz-Gemeinschaft\" \/>\n<meta property=\"og:description\" content=\"Kontakt Ihre Ansprechpartnerin f\u00fcr alle Fragen Miriam Fenske Leiterin der Hospiz-Gemeinschaft Tel: 08020 90 48 36Fax: 08020 90 48 54E-Mail: hospiz-gemeinschaft@domicilium.de Wo Sie uns finden? Die Domicilium Hospiz-Gemeinschaft liegt am Hochufer der Mangfall in direkter Waldlage am Fu\u00dfe des Klosterdorfs Weyarn etwa 30 km s\u00fcdlich von M\u00fcnchen an der Autobahn A8, Abfahrt 98\/Weyarn. Wir liegen [&hellip;]\" \/>\n<meta property=\"og:url\" content=\"https:\/\/domicilium.de\/hospiz-gemeinschaft\/kontakt\/\" \/>\n<meta property=\"og:site_name\" content=\"Domicilium Hospiz-Gemeinschaft\" \/>\n<meta property=\"article:modified_time\" content=\"2026-04-20T13:56:38+00:00\" \/>\n<meta property=\"og:image\" content=\"https:\/\/domicilium.de\/hospiz-gemeinschaft\/wp-content\/uploads\/sites\/7\/2024\/10\/logo-domicilium-hospizgemeinschaft.png\" \/>\n\t<meta property=\"og:image:width\" content=\"841\" \/>\n\t<meta property=\"og:image:height\" content=\"120\" \/>\n\t<meta property=\"og:image:type\" content=\"image\/png\" \/>\n<meta name=\"twitter:card\" content=\"summary_large_image\" \/>\n<meta name=\"twitter:label1\" content=\"Gesch\u00e4tzte Lesezeit\" \/>\n\t<meta name=\"twitter:data1\" content=\"2\u00a0Minuten\" \/>\n<script type=\"application\/ld+json\" class=\"yoast-schema-graph\">{\"@context\":\"https:\\\/\\\/schema.org\",\"@graph\":[{\"@type\":\"WebPage\",\"@id\":\"https:\\\/\\\/domicilium.de\\\/hospiz-gemeinschaft\\\/kontakt\\\/\",\"url\":\"https:\\\/\\\/domicilium.de\\\/hospiz-gemeinschaft\\\/kontakt\\\/\",\"name\":\"Kontakt - Domicilium Hospiz-Gemeinschaft\",\"isPartOf\":{\"@id\":\"https:\\\/\\\/domicilium.de\\\/hospiz-gemeinschaft\\\/#website\"},\"primaryImageOfPage\":{\"@id\":\"https:\\\/\\\/domicilium.de\\\/hospiz-gemeinschaft\\\/kontakt\\\/#primaryimage\"},\"image\":{\"@id\":\"https:\\\/\\\/domicilium.de\\\/hospiz-gemeinschaft\\\/kontakt\\\/#primaryimage\"},\"thumbnailUrl\":\"https:\\\/\\\/domicilium.de\\\/hospiz-gemeinschaft\\\/wp-content\\\/uploads\\\/sites\\\/7\\\/2024\\\/10\\\/logo-domicilium-hospizgemeinschaft.png\",\"datePublished\":\"2024-10-30T10:35:22+00:00\",\"dateModified\":\"2026-04-20T13:56:38+00:00\",\"breadcrumb\":{\"@id\":\"https:\\\/\\\/domicilium.de\\\/hospiz-gemeinschaft\\\/kontakt\\\/#breadcrumb\"},\"inLanguage\":\"de\",\"potentialAction\":[{\"@type\":\"ReadAction\",\"target\":[\"https:\\\/\\\/domicilium.de\\\/hospiz-gemeinschaft\\\/kontakt\\\/\"]}]},{\"@type\":\"ImageObject\",\"inLanguage\":\"de\",\"@id\":\"https:\\\/\\\/domicilium.de\\\/hospiz-gemeinschaft\\\/kontakt\\\/#primaryimage\",\"url\":\"https:\\\/\\\/domicilium.de\\\/hospiz-gemeinschaft\\\/wp-content\\\/uploads\\\/sites\\\/7\\\/2024\\\/10\\\/logo-domicilium-hospizgemeinschaft.png\",\"contentUrl\":\"https:\\\/\\\/domicilium.de\\\/hospiz-gemeinschaft\\\/wp-content\\\/uploads\\\/sites\\\/7\\\/2024\\\/10\\\/logo-domicilium-hospizgemeinschaft.png\",\"width\":841,\"height\":120},{\"@type\":\"BreadcrumbList\",\"@id\":\"https:\\\/\\\/domicilium.de\\\/hospiz-gemeinschaft\\\/kontakt\\\/#breadcrumb\",\"itemListElement\":[{\"@type\":\"ListItem\",\"position\":1,\"name\":\"Startseite\",\"item\":\"https:\\\/\\\/domicilium.de\\\/hospiz-gemeinschaft\\\/\"},{\"@type\":\"ListItem\",\"position\":2,\"name\":\"Kontakt\"}]},{\"@type\":\"WebSite\",\"@id\":\"https:\\\/\\\/domicilium.de\\\/hospiz-gemeinschaft\\\/#website\",\"url\":\"https:\\\/\\\/domicilium.de\\\/hospiz-gemeinschaft\\\/\",\"name\":\"Domicilium Hospiz-Gemeinschaft\",\"description\":\"Ort der Geborgenheit und F\u00fcrsorge\",\"publisher\":{\"@id\":\"https:\\\/\\\/domicilium.de\\\/hospiz-gemeinschaft\\\/#organization\"},\"potentialAction\":[{\"@type\":\"SearchAction\",\"target\":{\"@type\":\"EntryPoint\",\"urlTemplate\":\"https:\\\/\\\/domicilium.de\\\/hospiz-gemeinschaft\\\/?s={search_term_string}\"},\"query-input\":{\"@type\":\"PropertyValueSpecification\",\"valueRequired\":true,\"valueName\":\"search_term_string\"}}],\"inLanguage\":\"de\"},{\"@type\":\"Organization\",\"@id\":\"https:\\\/\\\/domicilium.de\\\/hospiz-gemeinschaft\\\/#organization\",\"name\":\"Domicilium Hospiz-Gemeinschaft\",\"url\":\"https:\\\/\\\/domicilium.de\\\/hospiz-gemeinschaft\\\/\",\"logo\":{\"@type\":\"ImageObject\",\"inLanguage\":\"de\",\"@id\":\"https:\\\/\\\/domicilium.de\\\/hospiz-gemeinschaft\\\/#\\\/schema\\\/logo\\\/image\\\/\",\"url\":\"https:\\\/\\\/domicilium.de\\\/hospiz-gemeinschaft\\\/wp-content\\\/uploads\\\/sites\\\/7\\\/2024\\\/09\\\/logo-domicilium-hospiz-icon-links-ohne-unterzeile.png\",\"contentUrl\":\"https:\\\/\\\/domicilium.de\\\/hospiz-gemeinschaft\\\/wp-content\\\/uploads\\\/sites\\\/7\\\/2024\\\/09\\\/logo-domicilium-hospiz-icon-links-ohne-unterzeile.png\",\"width\":841,\"height\":120,\"caption\":\"Domicilium Hospiz-Gemeinschaft\"},\"image\":{\"@id\":\"https:\\\/\\\/domicilium.de\\\/hospiz-gemeinschaft\\\/#\\\/schema\\\/logo\\\/image\\\/\"}}]}<\/script>\n<!-- \/ Yoast SEO plugin. -->","yoast_head_json":{"title":"Kontakt - Domicilium Hospiz-Gemeinschaft","robots":{"index":"index","follow":"follow","max-snippet":"max-snippet:-1","max-image-preview":"max-image-preview:large","max-video-preview":"max-video-preview:-1"},"canonical":"https:\/\/domicilium.de\/hospiz-gemeinschaft\/kontakt\/","og_locale":"de_DE","og_type":"article","og_title":"Kontakt - Domicilium Hospiz-Gemeinschaft","og_description":"Kontakt Ihre Ansprechpartnerin f\u00fcr alle Fragen Miriam Fenske Leiterin der Hospiz-Gemeinschaft Tel: 08020 90 48 36Fax: 08020 90 48 54E-Mail: hospiz-gemeinschaft@domicilium.de Wo Sie uns finden? Die Domicilium Hospiz-Gemeinschaft liegt am Hochufer der Mangfall in direkter Waldlage am Fu\u00dfe des Klosterdorfs Weyarn etwa 30 km s\u00fcdlich von M\u00fcnchen an der Autobahn A8, Abfahrt 98\/Weyarn. Wir liegen [&hellip;]","og_url":"https:\/\/domicilium.de\/hospiz-gemeinschaft\/kontakt\/","og_site_name":"Domicilium Hospiz-Gemeinschaft","article_modified_time":"2026-04-20T13:56:38+00:00","og_image":[{"width":841,"height":120,"url":"https:\/\/domicilium.de\/hospiz-gemeinschaft\/wp-content\/uploads\/sites\/7\/2024\/10\/logo-domicilium-hospizgemeinschaft.png","type":"image\/png"}],"twitter_card":"summary_large_image","twitter_misc":{"Gesch\u00e4tzte Lesezeit":"2\u00a0Minuten"},"schema":{"@context":"https:\/\/schema.org","@graph":[{"@type":"WebPage","@id":"https:\/\/domicilium.de\/hospiz-gemeinschaft\/kontakt\/","url":"https:\/\/domicilium.de\/hospiz-gemeinschaft\/kontakt\/","name":"Kontakt - Domicilium Hospiz-Gemeinschaft","isPartOf":{"@id":"https:\/\/domicilium.de\/hospiz-gemeinschaft\/#website"},"primaryImageOfPage":{"@id":"https:\/\/domicilium.de\/hospiz-gemeinschaft\/kontakt\/#primaryimage"},"image":{"@id":"https:\/\/domicilium.de\/hospiz-gemeinschaft\/kontakt\/#primaryimage"},"thumbnailUrl":"https:\/\/domicilium.de\/hospiz-gemeinschaft\/wp-content\/uploads\/sites\/7\/2024\/10\/logo-domicilium-hospizgemeinschaft.png","datePublished":"2024-10-30T10:35:22+00:00","dateModified":"2026-04-20T13:56:38+00:00","breadcrumb":{"@id":"https:\/\/domicilium.de\/hospiz-gemeinschaft\/kontakt\/#breadcrumb"},"inLanguage":"de","potentialAction":[{"@type":"ReadAction","target":["https:\/\/domicilium.de\/hospiz-gemeinschaft\/kontakt\/"]}]},{"@type":"ImageObject","inLanguage":"de","@id":"https:\/\/domicilium.de\/hospiz-gemeinschaft\/kontakt\/#primaryimage","url":"https:\/\/domicilium.de\/hospiz-gemeinschaft\/wp-content\/uploads\/sites\/7\/2024\/10\/logo-domicilium-hospizgemeinschaft.png","contentUrl":"https:\/\/domicilium.de\/hospiz-gemeinschaft\/wp-content\/uploads\/sites\/7\/2024\/10\/logo-domicilium-hospizgemeinschaft.png","width":841,"height":120},{"@type":"BreadcrumbList","@id":"https:\/\/domicilium.de\/hospiz-gemeinschaft\/kontakt\/#breadcrumb","itemListElement":[{"@type":"ListItem","position":1,"name":"Startseite","item":"https:\/\/domicilium.de\/hospiz-gemeinschaft\/"},{"@type":"ListItem","position":2,"name":"Kontakt"}]},{"@type":"WebSite","@id":"https:\/\/domicilium.de\/hospiz-gemeinschaft\/#website","url":"https:\/\/domicilium.de\/hospiz-gemeinschaft\/","name":"Domicilium Hospiz-Gemeinschaft","description":"Ort der Geborgenheit und F\u00fcrsorge","publisher":{"@id":"https:\/\/domicilium.de\/hospiz-gemeinschaft\/#organization"},"potentialAction":[{"@type":"SearchAction","target":{"@type":"EntryPoint","urlTemplate":"https:\/\/domicilium.de\/hospiz-gemeinschaft\/?s={search_term_string}"},"query-input":{"@type":"PropertyValueSpecification","valueRequired":true,"valueName":"search_term_string"}}],"inLanguage":"de"},{"@type":"Organization","@id":"https:\/\/domicilium.de\/hospiz-gemeinschaft\/#organization","name":"Domicilium Hospiz-Gemeinschaft","url":"https:\/\/domicilium.de\/hospiz-gemeinschaft\/","logo":{"@type":"ImageObject","inLanguage":"de","@id":"https:\/\/domicilium.de\/hospiz-gemeinschaft\/#\/schema\/logo\/image\/","url":"https:\/\/domicilium.de\/hospiz-gemeinschaft\/wp-content\/uploads\/sites\/7\/2024\/09\/logo-domicilium-hospiz-icon-links-ohne-unterzeile.png","contentUrl":"https:\/\/domicilium.de\/hospiz-gemeinschaft\/wp-content\/uploads\/sites\/7\/2024\/09\/logo-domicilium-hospiz-icon-links-ohne-unterzeile.png","width":841,"height":120,"caption":"Domicilium Hospiz-Gemeinschaft"},"image":{"@id":"https:\/\/domicilium.de\/hospiz-gemeinschaft\/#\/schema\/logo\/image\/"}}]}},"_links":{"self":[{"href":"https:\/\/domicilium.de\/hospiz-gemeinschaft\/wp-json\/wp\/v2\/pages\/1090","targetHints":{"allow":["GET"]}}],"collection":[{"href":"https:\/\/domicilium.de\/hospiz-gemeinschaft\/wp-json\/wp\/v2\/pages"}],"about":[{"href":"https:\/\/domicilium.de\/hospiz-gemeinschaft\/wp-json\/wp\/v2\/types\/page"}],"author":[{"embeddable":true,"href":"https:\/\/domicilium.de\/hospiz-gemeinschaft\/wp-json\/wp\/v2\/users\/3"}],"replies":[{"embeddable":true,"href":"https:\/\/domicilium.de\/hospiz-gemeinschaft\/wp-json\/wp\/v2\/comments?post=1090"}],"version-history":[{"count":50,"href":"https:\/\/domicilium.de\/hospiz-gemeinschaft\/wp-json\/wp\/v2\/pages\/1090\/revisions"}],"predecessor-version":[{"id":2241,"href":"https:\/\/domicilium.de\/hospiz-gemeinschaft\/wp-json\/wp\/v2\/pages\/1090\/revisions\/2241"}],"wp:attachment":[{"href":"https:\/\/domicilium.de\/hospiz-gemeinschaft\/wp-json\/wp\/v2\/media?parent=1090"}],"curies":[{"name":"wp","href":"https:\/\/api.w.org\/{rel}","templated":true}]}}